{"id":2438,"date":"2023-05-07T17:06:24","date_gmt":"2023-05-07T17:06:24","guid":{"rendered":"https:\/\/leafbiodiversity.eu\/transnational-project-meetings-tpms\/"},"modified":"2024-03-18T15:29:27","modified_gmt":"2024-03-18T15:29:27","slug":"transnational-project-meetings-tpms","status":"publish","type":"page","link":"https:\/\/leafbiodiversity.eu\/sr\/aktivnosti\/transnational-project-meetings-tpms\/","title":{"rendered":"Me\u0111unarodni projektni sastanci (TPM)"},"content":{"rendered":"<p>[et_pb_section fb_built=&#8220;1&#8243; _builder_version=&#8220;4.21.0&#8243; _module_preset=&#8220;default&#8220; background_image=&#8220;https:\/\/leafbiodiversity.eu\/wp-content\/uploads\/2023\/05\/TO-NAM-JE-COVER-NA-FACEU.jpg&#8220; global_colors_info=&#8220;{}&#8220;][et_pb_row _builder_version=&#8220;4.21.0&#8243; _module_preset=&#8220;default&#8220; global_colors_info=&#8220;{}&#8220;][et_pb_column type=&#8220;4_4&#8243; _builder_version=&#8220;4.21.0&#8243; _module_preset=&#8220;default&#8220; global_colors_info=&#8220;{}&#8220;][et_pb_text _builder_version=&#8220;4.21.0&#8243; _module_preset=&#8220;default&#8220; text_text_color=&#8220;#383838&#8243; background_color=&#8220;#E0C588&#8243; text_orientation=&#8220;center&#8220; custom_padding=&#8220;4%|10%|4%|10%|true|true&#8220; global_colors_info=&#8220;{}&#8220;]<\/p>\n<h1 style=\"text-align: center;\"><b>Me\u0111unarodni projektni sastanci (TPM)<\/b><\/h1>\n<p>&nbsp;<\/p>\n<p><span style=\"font-weight: 400;\">Me\u0111unarodni projektni sastanci (TPM) unapre\u0111uju dalju efikasnu saradnju me\u0111u partnerima, dok su mese\u010dni sastanci na\u010din na koji se pratiti napredak projekta.<\/span><\/p>\n<p>[\/et_pb_text][\/et_pb_column][\/et_pb_row][\/et_pb_section][et_pb_section fb_built=&#8220;1&#8243; _builder_version=&#8220;4.20.4&#8243; _module_preset=&#8220;default&#8220; global_colors_info=&#8220;{}&#8220;][et_pb_row _builder_version=&#8220;4.20.4&#8243; _module_preset=&#8220;default&#8220; global_colors_info=&#8220;{}&#8220;][et_pb_column type=&#8220;4_4&#8243; _builder_version=&#8220;4.20.4&#8243; _module_preset=&#8220;default&#8220; global_colors_info=&#8220;{}&#8220;][et_pb_text _builder_version=&#8220;4.23.1&#8243; _module_preset=&#8220;default&#8220; text_line_height=&#8220;1.9em&#8220; header_2_font=&#8220;||||||||&#8220; header_2_text_align=&#8220;left&#8220; header_2_line_height=&#8220;1.3em&#8220; global_colors_info=&#8220;{}&#8220;]<\/p>\n<h2>1. KOM u Biotu (FR), u organizaciji \u2013 ENERGIES2050 organizacije iz Francuske u<span>novembru<\/span> 2022<\/h2>\n<p><span style=\"font-weight: 400;\"><\/span><\/p>\n<p><img loading=\"lazy\" decoding=\"async\" src=\"https:\/\/leafbiodiversity.eu\/wp-content\/uploads\/2023\/05\/Tpm-1024x726.jpg\" width=\"1024\" height=\"726\" alt=\"\" class=\"wp-image-241 alignnone size-large\" srcset=\"https:\/\/leafbiodiversity.eu\/wp-content\/uploads\/2023\/05\/Tpm-1024x726.jpg 1024w, https:\/\/leafbiodiversity.eu\/wp-content\/uploads\/2023\/05\/Tpm-980x695.jpg 980w, https:\/\/leafbiodiversity.eu\/wp-content\/uploads\/2023\/05\/Tpm-480x340.jpg 480w\" sizes=\"(min-width: 0px) and (max-width: 480px) 480px, (min-width: 481px) and (max-width: 980px) 980px, (min-width: 981px) 1024px, 100vw\" \/><\/p>\n<p><span style=\"font-weight: 400;\">Bio je to prvi li\u010dni sastanak projekta i poslu\u017eio je za pokretanje projektnih aktivnosti. Sa 10 ljudi prisutnih na sastanku, bilo je to veoma produktivno i plodno iskustvo koje je tim postavilo na pravi put za posao koji dolazi. Tokom ovog sastanka, partneri su istra\u017eili strategiju projekta, razgovarali o aspektima upravljanja i kvaliteta, kao io planu diseminacije, procedurama finansijskog izve\u0161tavanja, formalnim obavezama (Sporazum o grantu i partnerstvu) i drugim va\u017enim temama za po\u010detak projekta. Ono \u0161to je jo\u0161 va\u017enije je da su zadaci kao i odgovornosti delegirani me\u0111u konzorcijumom kako bi se olak\u0161alo prac\u0301enje napretka projekta i kako bi se osiguralo da se aspekt kvaliteta projekta dr\u017ei na umu tokom celog vremena. <\/span><\/p>\n<p><span style=\"font-weight: 400;\">Na kraju, ali ne i najmanje va\u017eno, bila je to divna prilika da se partneri li\u010dno sretnu, da vide lica iza ekrana, e-mailove, poruke i da stvore pozitivno radno okru\u017eenje za projekat. <\/span><\/p>\n<p>[\/et_pb_text][et_pb_divider _builder_version=&#8220;4.23.1&#8243; _module_preset=&#8220;default&#8220; global_colors_info=&#8220;{}&#8220;][\/et_pb_divider][\/et_pb_column][\/et_pb_row][et_pb_row _builder_version=&#8220;4.20.4&#8243; _module_preset=&#8220;default&#8220; locked=&#8220;off&#8220; global_colors_info=&#8220;{}&#8220;][et_pb_column type=&#8220;4_4&#8243; _builder_version=&#8220;4.20.4&#8243; _module_preset=&#8220;default&#8220; global_colors_info=&#8220;{}&#8220;][et_pb_text _builder_version=&#8220;4.23.1&#8243; _module_preset=&#8220;default&#8220; text_line_height=&#8220;1.9em&#8220; header_2_font=&#8220;||||||||&#8220; header_2_text_align=&#8220;left&#8220; header_2_line_height=&#8220;1.3em&#8220; custom_padding=&#8220;||20px|||&#8220; global_colors_info=&#8220;{}&#8220;]<\/p>\n<h2>2. TPM, onlajn, u organizaciji MENC, u maju 2023<\/h2>\n<p><span style=\"font-weight: 400;\"><img loading=\"lazy\" decoding=\"async\" src=\"https:\/\/leafbiodiversity.eu\/wp-content\/uploads\/2023\/11\/2nd-meeting.jpg\" width=\"1870\" height=\"918\" alt=\"\" class=\"wp-image-1676 alignnone size-full\" srcset=\"https:\/\/leafbiodiversity.eu\/wp-content\/uploads\/2023\/11\/2nd-meeting.jpg 1870w, https:\/\/leafbiodiversity.eu\/wp-content\/uploads\/2023\/11\/2nd-meeting-1280x628.jpg 1280w, https:\/\/leafbiodiversity.eu\/wp-content\/uploads\/2023\/11\/2nd-meeting-980x481.jpg 980w, https:\/\/leafbiodiversity.eu\/wp-content\/uploads\/2023\/11\/2nd-meeting-480x236.jpg 480w\" sizes=\"(min-width: 0px) and (max-width: 480px) 480px, (min-width: 481px) and (max-width: 980px) 980px, (min-width: 981px) and (max-width: 1280px) 1280px, (min-width: 1281px) 1870px, 100vw\" \/><\/span><\/p>\n<p>&nbsp;<\/p>\n<p>Konzorcijum je pro\u0161ao sve dosada\u0161nje aktivnosti i one koje su pred nama tokom letnjeg perioda.<\/p>\n<p>Najvec\u0301i naglasak na sastanku bio je uspostavljanje plana i programa za Priru\u010dnik. Napravljeni su planovi i dogovori da se naredni koraci koji su vezani za rezultate istra\u017eivanja fokus grupa implementiraju u svim partnerskim zemljama i da \u0107e se smatrati osnovom koja se mo\u017ee nadograditi.<\/p>\n<p>Na sastanku je predstavljena veb stranica, \u0161to predstavlja jedan od vidova projektnih zadataka. Veb stranica \u0107e biti prevedena na sve jezike partnerskih organizacija, \u0161to \u0107e obezbediti inkluzivan pristup i lak\u0161e razumevanje na nacionalnom nivou, u svakoj partnerskoj zemlji.<\/p>\n<p>[\/et_pb_text][et_pb_divider _builder_version=&#8220;4.23.1&#8243; _module_preset=&#8220;default&#8220; global_colors_info=&#8220;{}&#8220;][\/et_pb_divider][et_pb_text _builder_version=&#8220;4.23.1&#8243; _module_preset=&#8220;default&#8220; text_line_height=&#8220;1.9em&#8220; header_2_font=&#8220;||||||||&#8220; header_2_text_align=&#8220;left&#8220; header_2_line_height=&#8220;1.3em&#8220; custom_padding=&#8220;||14px|||&#8220; hover_enabled=&#8220;0&#8243; global_colors_info=&#8220;{}&#8220; sticky_enabled=&#8220;0&#8243;]<\/p>\n<h2><span data-contrast=\"none\" xml:lang=\"EN-GB\" lang=\"EN-GB\" class=\"TextRun SCXW259791648 BCX0\"><span class=\"NormalTextRun SCXW259791648 BCX0\">3<\/span><span class=\"NormalTextRun SCXW259791648 BCX0\">.TPM<\/span><span class=\"NormalTextRun SCXW259791648 BCX0\"> u Su\u010davi (RO),<\/span><span class=\"NormalTextRun SCXW259791648 BCX0\">u organizaciji MENC,<\/span><span class=\"NormalTextRun SCXW259791648 BCX0\">u novembru<\/span><span class=\"NormalTextRun SCXW259791648 BCX0\">2023<\/span><\/span><span class=\"EOP SCXW259791648 BCX0\" data-ccp-props=\"{\"201341983\":0,\"335559739\":0,\"335559740\":240}\"> <\/span><\/h2>\n<p><span class=\"EOP SCXW259791648 BCX0\" data-ccp-props=\"{\"201341983\":0,\"335559739\":0,\"335559740\":240}\"><img loading=\"lazy\" decoding=\"async\" src=\"https:\/\/leafbiodiversity.eu\/wp-content\/uploads\/2023\/12\/PHOTO-website-3rd-TPM-300x225.jpg\" width=\"300\" height=\"225\" alt=\"\" class=\"wp-image-2024 alignnone size-medium\" style=\"display: block; margin-left: auto; margin-right: auto;\"><br \/><\/span><\/p>\n<p><span data-contrast=\"none\">Konzorcijum je pro\u0161ao sve aktivnosti realizovane tokom prve godine i one koje slede u drugoj godini. <\/span><span data-ccp-props=\"{\"201341983\":0,\"335551550\":6,\"335551620\":6,\"335559739\":0,\"335559740\":240}\"> <\/span><\/p>\n<p><span data-contrast=\"none\">Svi partneri su pro\u0161li radnu verziju Priru\u010dnika, sla\u017euc\u0301i se oko kona\u010dne verzije. Priru\u010dnik za nastavnike \u0107e biti preveden na jezik svih \u0161est partnera. Okvir kompetencija o kome se tako\u0111e govorilo je va\u017ean instrument za rezultat na\u0161eg projekta.   <\/span><span data-ccp-props=\"{\"201341983\":0,\"335551550\":6,\"335551620\":6,\"335559739\":0,\"335559740\":240}\"> <\/span><\/p>\n<p><span data-contrast=\"none\">Konzorcijum je raspravljao o planiranim aktivnostima i onlajn Leaf akademiji &#8211; platformi koja c\u0301e biti kreirana kao prostor za u\u010denje studenata. <\/span><span data-ccp-props=\"{\"201341983\":0,\"335551550\":6,\"335551620\":6,\"335559739\":0,\"335559740\":240}\"> <\/span><\/p>\n<p>[\/et_pb_text][et_pb_divider _builder_version=&#8220;4.23.1&#8243; _module_preset=&#8220;default&#8220; global_colors_info=&#8220;{}&#8220;][\/et_pb_divider][\/et_pb_column][\/et_pb_row][\/et_pb_section][et_pb_section fb_built=&#8220;1&#8243; admin_label=&#8220;Footer&#8220; _builder_version=&#8220;4.20.4&#8243; _module_preset=&#8220;default&#8220; background_color=&#8220;#E0C588&#8243; background_enable_image=&#8220;off&#8220; background_size=&#8220;contain&#8220; background_position=&#8220;top_center&#8220; custom_padding=&#8220;||2px|||&#8220; background_last_edited=&#8220;on|tablet&#8220; background_size_tablet=&#8220;contain&#8220; background_position_tablet=&#8220;top_center&#8220; global_module=&#8220;54&#8243; saved_tabs=&#8220;all&#8220; collapsed=&#8220;on&#8220; global_colors_info=&#8220;{}&#8220;][et_pb_row column_structure=&#8220;1_3,1_3,1_3&#8243; use_custom_gutter=&#8220;on&#8220; gutter_width=&#8220;2&#8243; _builder_version=&#8220;4.20.0&#8243; _module_preset=&#8220;default&#8220; global_colors_info=&#8220;{}&#8220;][et_pb_column type=&#8220;1_3&#8243; _builder_version=&#8220;4.20.0&#8243; _module_preset=&#8220;default&#8220; custom_padding=&#8220;30px||30px||true|false&#8220; custom_padding_tablet=&#8220;0px||0px||true|false&#8220; custom_padding_phone=&#8220;0px||0px||true|false&#8220; custom_padding_last_edited=&#8220;on|phone&#8220; global_colors_info=&#8220;{}&#8220;][et_pb_image src=&#8220;https:\/\/leafbiodiversity.eu\/wp-content\/uploads\/2023\/04\/LogosBeneficairesErasmusRIGHT_EN-1000.jpg&#8220; title_text=&#8220;LogosBeneficairesErasmus+RIGHT_EN-1000&#8243; _builder_version=&#8220;4.20.4&#8243; _module_preset=&#8220;default&#8220; global_colors_info=&#8220;{}&#8220;][\/et_pb_image][et_pb_text _builder_version=&#8220;4.21.0&#8243; _module_preset=&#8220;default&#8220; text_font_size=&#8220;12px&#8220; text_line_height=&#8220;1.5em&#8220; global_colors_info=&#8220;{}&#8220;]<\/p>\n<p><span style=\"font-weight: 400;\">Ovaj projekat je sufinansiran uz podr\u0161ku Evropske komisije. Ova komunikacija odra\u017eava stavove samo autora, a Komisija se ne mo\u017ee smatrati odgovornom za to <\/span><\/p>\n<p><span style=\"font-weight: 400;\">Project N\u00b0:2022-1-RO01-KA220-SCH-000086884<\/span><\/p>\n<p>[\/et_pb_text][\/et_pb_column][et_pb_column type=&#8220;1_3&#8243; _builder_version=&#8220;4.20.0&#8243; _module_preset=&#8220;default&#8220; custom_padding=&#8220;30px||30px||true|false&#8220; custom_padding_tablet=&#8220;0px||0px||true|false&#8220; custom_padding_phone=&#8220;0px||0px||true|false&#8220; custom_padding_last_edited=&#8220;on|phone&#8220; global_colors_info=&#8220;{}&#8220;][et_pb_text _builder_version=&#8220;4.20.4&#8243; _module_preset=&#8220;d66abf77-cee8-41a0-a950-711cacee6424&#8243; header_text_align_tablet=&#8220;&#8220; header_text_align_phone=&#8220;&#8220; header_text_align_last_edited=&#8220;on|phone&#8220; header_font_size_tablet=&#8220;&#8220; header_font_size_phone=&#8220;&#8220; header_font_size_last_edited=&#8220;on|phone&#8220; text_orientation_tablet=&#8220;&#8220; text_orientation_phone=&#8220;center&#8220; text_orientation_last_edited=&#8220;on|phone&#8220; locked=&#8220;off&#8220; global_colors_info=&#8220;{}&#8220;]<\/p>\n<h5>Pratite nas<\/h5>\n<p>[\/et_pb_text][et_pb_social_media_follow icon_color=&#8220;#95AD33&#8243; use_icon_font_size=&#8220;on&#8220; icon_font_size=&#8220;14px&#8220; _builder_version=&#8220;4.21.0&#8243; _module_preset=&#8220;default&#8220; text_orientation=&#8220;left&#8220; text_orientation_tablet=&#8220;center&#8220; text_orientation_phone=&#8220;&#8220; text_orientation_last_edited=&#8220;on|phone&#8220; border_radii=&#8220;on|100px|100px|100px|100px&#8220; global_colors_info=&#8220;{}&#8220;][et_pb_social_media_follow_network social_network=&#8220;facebook&#8220; url=&#8220;https:\/\/www.facebook.com\/leafbiodiversity&#8220; _builder_version=&#8220;4.21.0&#8243; _module_preset=&#8220;default&#8220; background_color=&#8220;#EFE8D7&#8243; background_enable_color=&#8220;on&#8220; custom_padding=&#8220;4px|4px|4px|4px|true|true&#8220; global_colors_info=&#8220;{}&#8220; follow_button=&#8220;off&#8220; url_new_window=&#8220;on&#8220;]facebook[\/et_pb_social_media_follow_network][et_pb_social_media_follow_network social_network=&#8220;instagram&#8220; url=&#8220;https:\/\/www.instagram.com\/leafbiodiversity&#8220; _builder_version=&#8220;4.21.0&#8243; _module_preset=&#8220;default&#8220; background_color=&#8220;#EFE8D7&#8243; background_enable_color=&#8220;on&#8220; custom_padding=&#8220;4px|4px|4px|4px|true|true&#8220; global_colors_info=&#8220;{%22gcid-cc1e7daa-e7a2-44d1-a6d4-86221a549f5c%22:%91%22background_color%22,%22background_color%22%93}&#8220; follow_button=&#8220;off&#8220; url_new_window=&#8220;on&#8220;]instagram[\/et_pb_social_media_follow_network][\/et_pb_social_media_follow][\/et_pb_column][et_pb_column type=&#8220;1_3&#8243; _builder_version=&#8220;4.20.0&#8243; _module_preset=&#8220;default&#8220; custom_padding=&#8220;30px||30px||true|false&#8220; custom_padding_tablet=&#8220;&#8220; custom_padding_phone=&#8220;0px||0px||true|false&#8220; custom_padding_last_edited=&#8220;on|phone&#8220; global_colors_info=&#8220;{}&#8220;][et_pb_text _builder_version=&#8220;4.20.4&#8243; _module_preset=&#8220;d66abf77-cee8-41a0-a950-711cacee6424&#8243; header_5_font_size_tablet=&#8220;&#8220; header_5_font_size_phone=&#8220;&#8220; header_5_font_size_last_edited=&#8220;on|phone&#8220; locked=&#8220;off&#8220; global_colors_info=&#8220;{}&#8220;]<\/p>\n<h5>Kontakt<\/h5>\n<p>[\/et_pb_text][et_pb_blurb title=&#8220;daniela.melisch@cneminescu.ro&#8220; url=&#8220;mailto:daniela.melisch@cneminescu.ro&#8220; use_icon=&#8220;on&#8220; font_icon=&#8220;&#xe010;||divi||400&#8243; icon_color=&#8220;#95AD33&#8243; image_icon_background_color=&#8220;#EFE8D7&#8243; icon_placement=&#8220;left&#8220; image_icon_width=&#8220;20px&#8220; _builder_version=&#8220;4.21.0&#8243; _module_preset=&#8220;default&#8220; header_line_height=&#8220;2em&#8220; image_icon_custom_padding=&#8220;8px|8px|8px|8px|true|true&#8220; link_option_url=&#8220;mailto:daniela.melisch@cneminescu.ro&#8220; border_radii_image=&#8220;on|33px|33px|33px|33px&#8220; global_colors_info=&#8220;{}&#8220;][\/et_pb_blurb][\/et_pb_column][\/et_pb_row][et_pb_row column_structure=&#8220;1_5,3_5,1_5&#8243; _builder_version=&#8220;4.20.0&#8243; _module_preset=&#8220;default&#8220; border_color_all=&#8220;rgba(94,94,78,0.2)&#8220; border_width_top=&#8220;1px&#8220; global_colors_info=&#8220;{}&#8220;][et_pb_column type=&#8220;1_5&#8243; _builder_version=&#8220;4.20.0&#8243; _module_preset=&#8220;default&#8220; global_colors_info=&#8220;{}&#8220;][\/et_pb_column][et_pb_column type=&#8220;3_5&#8243; _builder_version=&#8220;4.20.0&#8243; _module_preset=&#8220;default&#8220; custom_padding=&#8220;16px||||false|false&#8220; custom_padding_tablet=&#8220;0px||||false|false&#8220; custom_padding_phone=&#8220;&#8220; custom_padding_last_edited=&#8220;on|tablet&#8220; global_colors_info=&#8220;{}&#8220;][et_pb_text _builder_version=&#8220;4.20.4&#8243; _module_preset=&#8220;default&#8220; text_font=&#8220;|700|||||||&#8220; text_font_size=&#8220;13px&#8220; link_text_color=&#8220;#95AD33&#8243; text_orientation=&#8220;center&#8220; global_colors_info=&#8220;{}&#8220;]<\/p>\n<p>Developed by <a href=\"https:\/\/ignis.hr\" target=\"_blank\" rel=\"noopener\">IGNIS<\/a><\/p>\n<p>[\/et_pb_text][\/et_pb_column][et_pb_column type=&#8220;1_5&#8243; _builder_version=&#8220;4.20.0&#8243; _module_preset=&#8220;default&#8220; custom_padding=&#8220;6px||||false|false&#8220; custom_padding_tablet=&#8220;0px||||false|false&#8220; custom_padding_phone=&#8220;&#8220; custom_padding_last_edited=&#8220;on|tablet&#8220; global_colors_info=&#8220;{}&#8220;][\/et_pb_column][\/et_pb_row][\/et_pb_section]<\/p>\n","protected":false},"excerpt":{"rendered":"<p>Me\u0111unarodni projektni sastanci (TPM) &nbsp; Me\u0111unarodni projektni sastanci (TPM) unapre\u0111uju dalju efikasnu saradnju me\u0111u partnerima, dok su mese\u010dni sastanci na\u010din na koji se pratiti napredak projekta.1. KOM u Biotu (FR), u organizaciji \u2013 ENERGIES2050 organizacije iz Francuske unovembru 2022 Bio je to prvi li\u010dni sastanak projekta i poslu\u017eio je za pokretanje projektnih aktivnosti. Sa 10 [&hellip;]<\/p>\n","protected":false},"author":1,"featured_media":0,"parent":2444,"menu_order":0,"comment_status":"closed","ping_status":"closed","template":"","meta":{"_et_pb_use_builder":"on","_et_pb_old_content":"","_et_gb_content_width":"","footnotes":""},"class_list":["post-2438","page","type-page","status-publish","hentry"],"_links":{"self":[{"href":"https:\/\/leafbiodiversity.eu\/sr\/wp-json\/wp\/v2\/pages\/2438","targetHints":{"allow":["GET"]}}],"collection":[{"href":"https:\/\/leafbiodiversity.eu\/sr\/wp-json\/wp\/v2\/pages"}],"about":[{"href":"https:\/\/leafbiodiversity.eu\/sr\/wp-json\/wp\/v2\/types\/page"}],"author":[{"embeddable":true,"href":"https:\/\/leafbiodiversity.eu\/sr\/wp-json\/wp\/v2\/users\/1"}],"replies":[{"embeddable":true,"href":"https:\/\/leafbiodiversity.eu\/sr\/wp-json\/wp\/v2\/comments?post=2438"}],"version-history":[{"count":8,"href":"https:\/\/leafbiodiversity.eu\/sr\/wp-json\/wp\/v2\/pages\/2438\/revisions"}],"predecessor-version":[{"id":2452,"href":"https:\/\/leafbiodiversity.eu\/sr\/wp-json\/wp\/v2\/pages\/2438\/revisions\/2452"}],"up":[{"embeddable":true,"href":"https:\/\/leafbiodiversity.eu\/sr\/wp-json\/wp\/v2\/pages\/2444"}],"wp:attachment":[{"href":"https:\/\/leafbiodiversity.eu\/sr\/wp-json\/wp\/v2\/media?parent=2438"}],"curies":[{"name":"wp","href":"https:\/\/api.w.org\/{rel}","templated":true}]}}