{"id":1185,"date":"2023-05-07T17:06:24","date_gmt":"2023-05-07T17:06:24","guid":{"rendered":"https:\/\/leafbiodiversity.eu\/activitati\/intalnirile-transnationale-de-proiect-itp\/"},"modified":"2025-02-16T16:46:38","modified_gmt":"2025-02-16T16:46:38","slug":"intalnirile-transnationale-de-proiect-itp","status":"publish","type":"page","link":"https:\/\/leafbiodiversity.eu\/ro\/activitati\/intalnirile-transnationale-de-proiect-itp\/","title":{"rendered":"\u00ceNT\u00c2LNIRILE TRANSNA\u021aIONALE DE PROIECT (\u00ceTP)"},"content":{"rendered":"<p>[et_pb_section fb_built=&#8221;1&#8243; _builder_version=&#8221;4.21.0&#8243; _module_preset=&#8221;default&#8221; background_image=&#8221;https:\/\/leafbiodiversity.eu\/wp-content\/uploads\/2023\/05\/TO-NAM-JE-COVER-NA-FACEU.jpg&#8221; global_colors_info=&#8221;{}&#8221;][et_pb_row _builder_version=&#8221;4.21.0&#8243; _module_preset=&#8221;default&#8221; global_colors_info=&#8221;{}&#8221;][et_pb_column type=&#8221;4_4&#8243; _builder_version=&#8221;4.21.0&#8243; _module_preset=&#8221;default&#8221; global_colors_info=&#8221;{}&#8221;][et_pb_text _builder_version=&#8221;4.27.4&#8243; _module_preset=&#8221;default&#8221; text_text_color=&#8221;#383838&#8243; background_color=&#8221;#E0C588&#8243; text_orientation=&#8221;center&#8221; custom_padding=&#8221;4%|10%|4%|10%|true|true&#8221; hover_enabled=&#8221;0&#8243; global_colors_info=&#8221;{}&#8221; sticky_enabled=&#8221;0&#8243;]<\/p>\n<h1 style=\"text-align: center;\"><b>\u00ceNT\u00c2LNIRILE TRANSNA\u021aIONALE DE PROIECT (\u00ceTP)<\/b><\/h1>\n<p>&nbsp;<\/p>\n<p><span style=\"font-weight: 400;\">\u00ceNT\u00c2LNIRILE TRANSNA\u021aIONALE DE PROIECT (\u00ceTP) consolideaz\u0103 \u00een continuare cooperarea eficient\u0103 \u00eentre parteneri, \u00een timp ce sunt programate reuniuni lunare de actualizare pentru a urm\u0103ri evolu\u021bia proiectului.<\/span><\/p>\n<p>[\/et_pb_text][\/et_pb_column][\/et_pb_row][\/et_pb_section][et_pb_section fb_built=&#8221;1&#8243; _builder_version=&#8221;4.20.4&#8243; _module_preset=&#8221;default&#8221; global_colors_info=&#8221;{}&#8221;][et_pb_row _builder_version=&#8221;4.20.4&#8243; _module_preset=&#8221;default&#8221; global_colors_info=&#8221;{}&#8221;][et_pb_column type=&#8221;4_4&#8243; _builder_version=&#8221;4.20.4&#8243; _module_preset=&#8221;default&#8221; global_colors_info=&#8221;{}&#8221;][et_pb_text _builder_version=&#8221;4.27.4&#8243; _module_preset=&#8221;default&#8221; text_line_height=&#8221;1.9em&#8221; header_2_font=&#8221;||||||||&#8221; header_2_text_align=&#8221;left&#8221; header_2_line_height=&#8221;1.3em&#8221; hover_enabled=&#8221;0&#8243; global_colors_info=&#8221;{}&#8221; sticky_enabled=&#8221;0&#8243;]<\/p>\n<h2>1. Prima \u00eent\u00e2lnire transna\u021bional\u0103 de proiect, la Biot (FR), organizat\u0103 de partenerul 6 &#8211; ENERGIES2050 (\u00een colaborare cu partenerul 1 &#8211; MENC) \u00een octombrie 2022.<\/h2>\n<p><span style=\"font-weight: 400;\"><\/span><\/p>\n<p><img loading=\"lazy\" decoding=\"async\" src=\"https:\/\/leafbiodiversity.eu\/wp-content\/uploads\/2023\/05\/Tpm-1024x726.jpg\" width=\"1024\" height=\"726\" alt=\"\" class=\"wp-image-241 alignnone size-large\" srcset=\"https:\/\/leafbiodiversity.eu\/wp-content\/uploads\/2023\/05\/Tpm-1024x726.jpg 1024w, https:\/\/leafbiodiversity.eu\/wp-content\/uploads\/2023\/05\/Tpm-980x695.jpg 980w, https:\/\/leafbiodiversity.eu\/wp-content\/uploads\/2023\/05\/Tpm-480x340.jpg 480w\" sizes=\"(min-width: 0px) and (max-width: 480px) 480px, (min-width: 481px) and (max-width: 980px) 980px, (min-width: 981px) 1024px, 100vw\" \/><\/p>\n<p>Cu 10 persoane prezente la \u00eent\u00e2lnire, a fost o experien\u021b\u0103 foarte productiv\u0103 \u0219i fructuoas\u0103 care a a\u0219ezat echipa pe drumul cel bun pentru activitatea care va urma. \u00cen timpul acestei \u00eent\u00e2lniri, partenerii au explorat strategia proiectului, au discutat despre aspectele legate de management \u0219i calitate, precum \u0219i despre planul de diseminare, procedurile de raportare financiar\u0103, obliga\u021biile formale (Grant \u0219i Acordul de parteneriat), precum \u0219i alte subiecte importante pentru \u00eenceputul proiectului. Ce este \u0219i mai important este c\u0103 sarcinile, precum \u0219i responsabilit\u0103\u021bile, au fost delegate \u00een cadrul consor\u021biului pentru a facilita urm\u0103rirea progresului proiectului \u0219i pentru a se asigura c\u0103 aspectul calitativ al proiectului nu este neglijat pe tot parcursul acestuia.<\/p>\n<p>Nu \u00een ultimul r\u00e2nd, a fost o ocazie minunat\u0103 pentru parteneri de a se \u00eent\u00e2lni personal, de a vedea fe\u021bele din spatele ecranelor, e-mailurilor, mesajelor \u0219i de a crea un mediu de lucru pozitiv pentru proiect.<\/p>\n<p>[\/et_pb_text][et_pb_divider _builder_version=&#8221;4.23.1&#8243; _module_preset=&#8221;default&#8221; global_colors_info=&#8221;{}&#8221;][\/et_pb_divider][\/et_pb_column][\/et_pb_row][et_pb_row _builder_version=&#8221;4.20.4&#8243; _module_preset=&#8221;default&#8221; locked=&#8221;off&#8221; global_colors_info=&#8221;{}&#8221;][et_pb_column type=&#8221;4_4&#8243; _builder_version=&#8221;4.20.4&#8243; _module_preset=&#8221;default&#8221; global_colors_info=&#8221;{}&#8221;][et_pb_text _builder_version=&#8221;4.27.4&#8243; _module_preset=&#8221;default&#8221; text_line_height=&#8221;1.9em&#8221; header_2_font=&#8221;||||||||&#8221; header_2_text_align=&#8221;left&#8221; header_2_line_height=&#8221;1.3em&#8221; custom_padding=&#8221;||20px|||&#8221; hover_enabled=&#8221;0&#8243; global_colors_info=&#8221;{}&#8221; sticky_enabled=&#8221;0&#8243;]<\/p>\n<h2>2. A 2-a reuniune transna\u021bional\u0103 de proiect, online, organizat\u0103 de P1, MENC, \u00een mai 2023<\/h2>\n<p><span style=\"font-weight: 400;\"><img loading=\"lazy\" decoding=\"async\" src=\"https:\/\/leafbiodiversity.eu\/wp-content\/uploads\/2023\/11\/2nd-meeting.jpg\" width=\"1870\" height=\"918\" alt=\"\" class=\"wp-image-1676 alignnone size-full\" srcset=\"https:\/\/leafbiodiversity.eu\/wp-content\/uploads\/2023\/11\/2nd-meeting.jpg 1870w, https:\/\/leafbiodiversity.eu\/wp-content\/uploads\/2023\/11\/2nd-meeting-1280x628.jpg 1280w, https:\/\/leafbiodiversity.eu\/wp-content\/uploads\/2023\/11\/2nd-meeting-980x481.jpg 980w, https:\/\/leafbiodiversity.eu\/wp-content\/uploads\/2023\/11\/2nd-meeting-480x236.jpg 480w\" sizes=\"(min-width: 0px) and (max-width: 480px) 480px, (min-width: 481px) and (max-width: 980px) 980px, (min-width: 981px) and (max-width: 1280px) 1280px, (min-width: 1281px) 1870px, 100vw\" \/><\/span><\/p>\n<p>&nbsp;<\/p>\n<p>Pe durata reuniunii, Consor\u021biul a trecut \u00een revist\u0103 toate activit\u0103\u021bile desf\u0103\u0219urate p\u00e2n\u0103 \u00een prezent \u0219i cele planificate pentru perioada de var\u0103.<\/p>\n<p>Punctele cele mai importante ale reuniunii au fost programa \u0219i manualul, pe marginea c\u0103rora s-au discutat Modulul dezvoltat de fiecare partner \u0219i s-a convenit asupra urm\u0103toarelor etape pe baza acestor rezultate: \u00een special, evaluarea \u0219i revizuirea Cuprinsului, care trebuie implementat \u00een toate \u021b\u0103rile partenere. Discu\u021biile dintre membrii Consor\u021biului au fost necesare pentru definirea urm\u0103toarelor etape.<\/p>\n<p>De asemenea, Asocia\u021bia p\u0103rin\u021bilor \u201dStep by step\u201d ne-a prezentat site-ul web al proiectului \u00een limba englez\u0103 \u0219i cu ajutorul specialistului IT ne-am familiarizat cu acesta \u0219i am \u00eenv\u0103\u021bat cum s\u0103 urm\u0103m finalizarea acestuia \u00een limbile na\u021bionale. Tot ceea ce r\u0103m\u00e2ne de realizat este traducerea acestuia \u00een limbile proiectului pentru a asigura o abordare incluziv\u0103 \u0219i o mai u\u0219oar\u0103 \u00een\u021belegere la nivel na\u021bional, \u00een fiecare dintre \u021b\u0103rile partenere ale proiectului.<\/p>\n<p>[\/et_pb_text][et_pb_divider _builder_version=&#8221;4.23.1&#8243; _module_preset=&#8221;default&#8221; global_colors_info=&#8221;{}&#8221;][\/et_pb_divider][et_pb_text _builder_version=&#8221;4.27.4&#8243; _module_preset=&#8221;default&#8221; text_line_height=&#8221;1.9em&#8221; header_2_font=&#8221;||||||||&#8221; header_2_text_align=&#8221;left&#8221; header_2_line_height=&#8221;1.3em&#8221; custom_padding=&#8221;||14px|||&#8221; hover_enabled=&#8221;0&#8243; global_colors_info=&#8221;{}&#8221; sticky_enabled=&#8221;0&#8243;]<\/p>\n<h2><span data-contrast=\"none\" xml:lang=\"EN-GB\" lang=\"EN-GB\" class=\"TextRun SCXW259791648 BCX0\"><span class=\"NormalTextRun SCXW259791648 BCX0\">3<\/span><span class=\"NormalTextRun SCXW259791648 BCX0\">. A 3-a \u00eent\u00e2lnire de proiect, la Suceava (RO), organizat\u0103 de P1, MENC, \u00een noiembrie 2023<\/span><\/span><\/h2>\n<p><span class=\"EOP SCXW259791648 BCX0\" data-ccp-props=\"{\" 201341983=\"\" :0=\"\" 335559739=\"\" 335559740=\"\" :240=\"\"><img loading=\"lazy\" decoding=\"async\" src=\"https:\/\/leafbiodiversity.eu\/wp-content\/uploads\/2023\/12\/PHOTO-website-3rd-TPM-300x225.jpg\" width=\"300\" height=\"225\" alt=\"\" class=\"wp-image-2024 alignnone size-medium\" style=\"display: block; margin-left: auto; margin-right: auto;\" \/><br \/><\/span><\/p>\n<p>Consor\u021biul a trecut \u00een revist\u0103 toate activit\u0103\u021bile implementate \u00een primul an \u0219i cele care se vor def\u0103\u0219ura \u00een cel de al doilea an.<\/p>\n<p>To\u021bi partenerii au parcurs versiunea preliminar\u0103 a Manualului, convenind asupra formei finale. Acesta va fi tradus \u00een limba partenerilor \u0219i va fi tip\u0103rit conform programului. Cadrul de competen\u021be, care a fost, de asemenea, discutat, este un instrument important pentru rezultatele proiectului nostru.<\/p>\n<p>Consor\u021biul a dezb\u0103tut activit\u0103\u021bile planificate \u0219i Academia LEAF online, o platform\u0103 care va fi creat\u0103 ca spa\u021biu de \u00eenv\u0103\u021bare pentru elevi.<\/p>\n<p>[\/et_pb_text][et_pb_divider _builder_version=&#8221;4.23.1&#8243; _module_preset=&#8221;default&#8221; global_colors_info=&#8221;{}&#8221;][\/et_pb_divider][et_pb_text _builder_version=&#8221;4.27.4&#8243; _module_preset=&#8221;default&#8221; text_line_height=&#8221;1.9em&#8221; header_2_font=&#8221;||||||||&#8221; header_2_text_align=&#8221;left&#8221; header_2_line_height=&#8221;1.3em&#8221; custom_padding=&#8221;||14px|||&#8221; hover_enabled=&#8221;0&#8243; global_colors_info=&#8221;{}&#8221; sticky_enabled=&#8221;0&#8243;]<\/p>\n<h2>4. A patra reuniune interna\u021bional\u0103 a coordonatorilor de proiecte Erasmus LEAF la Belgrad<\/h2>\n<p>[\/et_pb_text][et_pb_text _builder_version=&#8221;4.27.4&#8243; _module_preset=&#8221;default&#8221; global_colors_info=&#8221;{}&#8221;]<\/p>\n<p>Link c\u0103tre manual: https:\/\/leafbiodiversity.eu\/results\/teachers-handbook\/<img loading=\"lazy\" decoding=\"async\" src=\"https:\/\/leafbiodiversity.eu\/wp-content\/uploads\/2025\/02\/461496943_524141203888783_1881215658522838077_n-1024x577.jpg\" width=\"1024\" height=\"577\" alt=\"\" class=\"wp-image-4886 aligncenter size-large\" srcset=\"https:\/\/leafbiodiversity.eu\/wp-content\/uploads\/2025\/02\/461496943_524141203888783_1881215658522838077_n-980x552.jpg 980w, https:\/\/leafbiodiversity.eu\/wp-content\/uploads\/2025\/02\/461496943_524141203888783_1881215658522838077_n-480x270.jpg 480w\" sizes=\"(min-width: 0px) and (max-width: 480px) 480px, (min-width: 481px) and (max-width: 980px) 980px, (min-width: 981px) 1024px, 100vw\" \/><\/p>\n<p>Cea de-a patra reuniune a coordonatorilor proiectului Erasmus + LEAF a avut loc pe 26 \u0219i 27 septembrie la Belgrad. La reuniuni au participat coordonatori de proiect din toate cele \u0219ase \u021b\u0103ri participante la acest proiect. Reuniunea de la Belgrad este ultima reuniune din cadrul acestui proiect, care se \u00eencheie \u00een luna decembrie a acestui an.<\/p>\n<p>Principala tem\u0103 a \u00eent\u00e2lnirilor de dou\u0103 zile a fost analiza progresului actual al pachetelor de lucru \u0219i discutarea etapelor viitoare \u00een implementarea proiectelor. Coordonatorii au discutat \u00een detaliu rezultatele ob\u021binute p\u00e2n\u0103 \u00een prezent \u0219i provoc\u0103rile cu care s-au confruntat pe parcursul ultimilor doi ani de lucru \u00een cadrul acestui proiect. Ca urmare a angajamentului comun al tuturor celor \u0219ase \u021b\u0103ri, au fost create un manual \u0219i o platform\u0103 interactiv\u0103 pentru profesori. Manualul este destinat profesorilor care doresc s\u0103 \u00ee\u0219i \u00eembun\u0103t\u0103\u021beasc\u0103 practica, deoarece ofer\u0103 un con\u021binut bogat, precum \u0219i exerci\u021bii care pot fi aplicate cu u\u0219urin\u021b\u0103 la clas\u0103, \u00een timp ce platforma interactiv\u0103 serve\u0219te drept instrument didactic, deoarece ofer\u0103 resurse utile care pot fi u\u0219or integrate \u00een planurile de lec\u021bie.<\/p>\n<p>Link c\u0103tre manual: https:\/\/leafbiodiversity.eu\/results\/teachers-handbook\/<\/p>\n<p>Link c\u0103tre platforma educa\u021bional\u0103: https:\/\/leafelearning.com\/<\/p>\n<p>Dup\u0103 o evaluare detaliat\u0103 a obiectivelor atinse, coordonatorii au prezentat \u0219i planurile pentru urm\u0103toarele etape ale proiectului. Un accent deosebit a fost pus pe dezvoltarea suplimentar\u0103 a platformei, precum \u0219i pe definirea strategiilor care vor permite implementarea c\u00e2t mai eficient\u0103 a obiectivelor proiectului.<\/p>\n<p>Dup\u0103 reuniuni, participan\u021bii au avut ocazia s\u0103 viziteze Belgradul cu un ghid expert \u0219i, printr-o plimbare relaxat\u0103 prin centrul ora\u0219ului, s\u0103 \u00eei cunoasc\u0103 istoria \u0219i arhitectura. Seara, \u00eempreun\u0103 cu gazdele lor, au vizitat partea boem\u0103 a ora\u0219ului Skadarlija \u0219i s-au bucurat de vremea pl\u0103cut\u0103 \u0219i de atmosfera din cartierul boem<\/p>\n<p>Dorim s\u0103 mul\u021bumim tuturor participan\u021bilor la reuniune pentru discu\u021biile constructive \u0219i contribu\u021bia la succesul acestei reuniuni. A\u0219tept\u0103m cu ner\u0103bdare continuarea activit\u0103\u021bii \u0219i implementarea cu succes a urm\u0103toarelor etape.<\/p>\n<p>[\/et_pb_text][\/et_pb_column][\/et_pb_row][\/et_pb_section][et_pb_section fb_built=&#8221;1&#8243; admin_label=&#8221;Footer&#8221; _builder_version=&#8221;4.20.4&#8243; _module_preset=&#8221;default&#8221; background_color=&#8221;#E0C588&#8243; background_enable_image=&#8221;off&#8221; background_size=&#8221;contain&#8221; background_position=&#8221;top_center&#8221; custom_padding=&#8221;||2px|||&#8221; background_last_edited=&#8221;on|tablet&#8221; background_size_tablet=&#8221;contain&#8221; background_position_tablet=&#8221;top_center&#8221; saved_tabs=&#8221;all&#8221; collapsed=&#8221;on&#8221; global_colors_info=&#8221;{}&#8221;][et_pb_row column_structure=&#8221;1_3,1_3,1_3&#8243; use_custom_gutter=&#8221;on&#8221; gutter_width=&#8221;2&#8243; _builder_version=&#8221;4.20.0&#8243; _module_preset=&#8221;default&#8221; global_colors_info=&#8221;{}&#8221;][et_pb_column type=&#8221;1_3&#8243; _builder_version=&#8221;4.20.0&#8243; _module_preset=&#8221;default&#8221; custom_padding=&#8221;30px||30px||true|false&#8221; custom_padding_tablet=&#8221;0px||0px||true|false&#8221; custom_padding_phone=&#8221;0px||0px||true|false&#8221; custom_padding_last_edited=&#8221;on|phone&#8221; global_colors_info=&#8221;{}&#8221;][et_pb_image src=&#8221;https:\/\/leafbiodiversity.eu\/wp-content\/uploads\/2024\/06\/eu_co_funded_en-300&#215;63.jpg&#8221; title_text=&#8221;Flag_2colors.eps&#8221; _builder_version=&#8221;4.25.0&#8243; _module_preset=&#8221;default&#8221; global_colors_info=&#8221;{}&#8221;][\/et_pb_image][et_pb_text _builder_version=&#8221;4.21.0&#8243; _module_preset=&#8221;default&#8221; text_font_size=&#8221;12px&#8221; text_line_height=&#8221;1.5em&#8221; global_colors_info=&#8221;{}&#8221;]<\/p>\n<p>&nbsp;<\/p>\n<p><span style=\"font-weight: 400;\"><span>This project has been co-funded with support from the European Commission. This communication reflects the views only of the author, and the Commission cannot be held responsible for any use that may be made of the information contained therein.<\/span><\/span><\/p>\n<p><span style=\"font-weight: 400;\">Project N\u00b0:2022-1-RO01-KA220-SCH-000086884<\/span><\/p>\n<p>[\/et_pb_text][\/et_pb_column][et_pb_column type=&#8221;1_3&#8243; _builder_version=&#8221;4.20.0&#8243; _module_preset=&#8221;default&#8221; custom_padding=&#8221;30px||30px||true|false&#8221; custom_padding_tablet=&#8221;0px||0px||true|false&#8221; custom_padding_phone=&#8221;0px||0px||true|false&#8221; custom_padding_last_edited=&#8221;on|phone&#8221; global_colors_info=&#8221;{}&#8221;][et_pb_text _builder_version=&#8221;4.20.4&#8243; _module_preset=&#8221;d66abf77-cee8-41a0-a950-711cacee6424&#8243; header_text_align_tablet=&#8221;&#8221; header_text_align_phone=&#8221;&#8221; header_text_align_last_edited=&#8221;on|phone&#8221; header_font_size_tablet=&#8221;&#8221; header_font_size_phone=&#8221;&#8221; header_font_size_last_edited=&#8221;on|phone&#8221; text_orientation_tablet=&#8221;&#8221; text_orientation_phone=&#8221;center&#8221; text_orientation_last_edited=&#8221;on|phone&#8221; locked=&#8221;off&#8221; global_colors_info=&#8221;{}&#8221;]<\/p>\n<h5>Follow Us<\/h5>\n<p>[\/et_pb_text][et_pb_social_media_follow icon_color=&#8221;#95AD33&#8243; use_icon_font_size=&#8221;on&#8221; icon_font_size=&#8221;14px&#8221; _builder_version=&#8221;4.26.1&#8243; _module_preset=&#8221;default&#8221; text_orientation=&#8221;left&#8221; text_orientation_tablet=&#8221;center&#8221; text_orientation_phone=&#8221;&#8221; text_orientation_last_edited=&#8221;on|phone&#8221; border_radii=&#8221;on|100px|100px|100px|100px&#8221; global_colors_info=&#8221;{}&#8221;][et_pb_social_media_follow_network social_network=&#8221;facebook&#8221; url=&#8221;https:\/\/www.facebook.com\/leafbiodiversity&#8221; _builder_version=&#8221;4.26.1&#8243; _module_preset=&#8221;default&#8221; background_color=&#8221;#EFE8D7&#8243; background_enable_color=&#8221;on&#8221; custom_padding=&#8221;4px|4px|4px|4px|true|true&#8221; global_colors_info=&#8221;{}&#8221; follow_button=&#8221;off&#8221; url_new_window=&#8221;on&#8221;]facebook[\/et_pb_social_media_follow_network][et_pb_social_media_follow_network social_network=&#8221;instagram&#8221; url=&#8221;https:\/\/www.instagram.com\/leafbiodiversity&#8221; _builder_version=&#8221;4.26.1&#8243; _module_preset=&#8221;default&#8221; background_color=&#8221;#EFE8D7&#8243; background_enable_color=&#8221;on&#8221; custom_padding=&#8221;4px|4px|4px|4px|true|true&#8221; global_colors_info=&#8221;{%22gcid-cc1e7daa-e7a2-44d1-a6d4-86221a549f5c%22:%91%22background_color%22,%22background_color%22%93}&#8221; follow_button=&#8221;off&#8221; url_new_window=&#8221;on&#8221;]instagram[\/et_pb_social_media_follow_network][\/et_pb_social_media_follow][\/et_pb_column][et_pb_column type=&#8221;1_3&#8243; _builder_version=&#8221;4.20.0&#8243; _module_preset=&#8221;default&#8221; custom_padding=&#8221;30px||30px||true|false&#8221; custom_padding_tablet=&#8221;&#8221; custom_padding_phone=&#8221;0px||0px||true|false&#8221; custom_padding_last_edited=&#8221;on|phone&#8221; global_colors_info=&#8221;{}&#8221;][et_pb_text _builder_version=&#8221;4.20.4&#8243; _module_preset=&#8221;d66abf77-cee8-41a0-a950-711cacee6424&#8243; header_5_font_size_tablet=&#8221;&#8221; header_5_font_size_phone=&#8221;&#8221; header_5_font_size_last_edited=&#8221;on|phone&#8221; locked=&#8221;off&#8221; global_colors_info=&#8221;{}&#8221;]<\/p>\n<h5>Contact<\/h5>\n<p>[\/et_pb_text][et_pb_blurb title=&#8221;daniela.melisch@cneminescu.ro&#8221; url=&#8221;mailto:daniela.melisch@cneminescu.ro&#8221; use_icon=&#8221;on&#8221; font_icon=&#8221;&#xe010;||divi||400&#8243; icon_color=&#8221;#95AD33&#8243; image_icon_background_color=&#8221;#EFE8D7&#8243; icon_placement=&#8221;left&#8221; image_icon_width=&#8221;20px&#8221; _builder_version=&#8221;4.26.1&#8243; _module_preset=&#8221;default&#8221; header_line_height=&#8221;2em&#8221; image_icon_custom_padding=&#8221;8px|8px|8px|8px|true|true&#8221; link_option_url=&#8221;mailto:daniela.melisch@cneminescu.ro&#8221; border_radii_image=&#8221;on|33px|33px|33px|33px&#8221; global_colors_info=&#8221;{}&#8221;][\/et_pb_blurb][\/et_pb_column][\/et_pb_row][et_pb_row column_structure=&#8221;1_5,3_5,1_5&#8243; _builder_version=&#8221;4.20.0&#8243; _module_preset=&#8221;default&#8221; border_color_all=&#8221;rgba(94,94,78,0.2)&#8221; border_width_top=&#8221;1px&#8221; global_colors_info=&#8221;{}&#8221;][et_pb_column type=&#8221;1_5&#8243; _builder_version=&#8221;4.20.0&#8243; _module_preset=&#8221;default&#8221; global_colors_info=&#8221;{}&#8221;][\/et_pb_column][et_pb_column type=&#8221;3_5&#8243; _builder_version=&#8221;4.20.0&#8243; _module_preset=&#8221;default&#8221; custom_padding=&#8221;16px||||false|false&#8221; custom_padding_tablet=&#8221;0px||||false|false&#8221; custom_padding_phone=&#8221;&#8221; custom_padding_last_edited=&#8221;on|tablet&#8221; global_colors_info=&#8221;{}&#8221;][et_pb_text _builder_version=&#8221;4.20.4&#8243; _module_preset=&#8221;default&#8221; text_font=&#8221;|700|||||||&#8221; text_font_size=&#8221;13px&#8221; link_text_color=&#8221;#95AD33&#8243; text_orientation=&#8221;center&#8221; global_colors_info=&#8221;{}&#8221;]<\/p>\n<p>Developed by <a href=\"https:\/\/ignis.hr\" target=\"_blank\" rel=\"noopener\">IGNIS<\/a><\/p>\n<p>[\/et_pb_text][\/et_pb_column][et_pb_column type=&#8221;1_5&#8243; _builder_version=&#8221;4.20.0&#8243; _module_preset=&#8221;default&#8221; custom_padding=&#8221;6px||||false|false&#8221; custom_padding_tablet=&#8221;0px||||false|false&#8221; custom_padding_phone=&#8221;&#8221; custom_padding_last_edited=&#8221;on|tablet&#8221; global_colors_info=&#8221;{}&#8221;][\/et_pb_column][\/et_pb_row][\/et_pb_section]<\/p>\n","protected":false},"excerpt":{"rendered":"<p>\u00ceNT\u00c2LNIRILE TRANSNA\u021aIONALE DE PROIECT (\u00ceTP) &nbsp; \u00ceNT\u00c2LNIRILE TRANSNA\u021aIONALE DE PROIECT (\u00ceTP) consolideaz\u0103 \u00een continuare cooperarea eficient\u0103 \u00eentre parteneri, \u00een timp ce sunt programate reuniuni lunare de actualizare pentru a urm\u0103ri evolu\u021bia proiectului.1. Prima \u00eent\u00e2lnire transna\u021bional\u0103 de proiect, la Biot (FR), organizat\u0103 de partenerul 6 &#8211; ENERGIES2050 (\u00een colaborare cu partenerul 1 &#8211; MENC) \u00een octombrie [&hellip;]<\/p>\n","protected":false},"author":1,"featured_media":0,"parent":1180,"menu_order":0,"comment_status":"closed","ping_status":"closed","template":"","meta":{"_et_pb_use_builder":"on","_et_pb_old_content":"","_et_gb_content_width":"","footnotes":""},"class_list":["post-1185","page","type-page","status-publish","hentry"],"_links":{"self":[{"href":"https:\/\/leafbiodiversity.eu\/ro\/wp-json\/wp\/v2\/pages\/1185","targetHints":{"allow":["GET"]}}],"collection":[{"href":"https:\/\/leafbiodiversity.eu\/ro\/wp-json\/wp\/v2\/pages"}],"about":[{"href":"https:\/\/leafbiodiversity.eu\/ro\/wp-json\/wp\/v2\/types\/page"}],"author":[{"embeddable":true,"href":"https:\/\/leafbiodiversity.eu\/ro\/wp-json\/wp\/v2\/users\/1"}],"replies":[{"embeddable":true,"href":"https:\/\/leafbiodiversity.eu\/ro\/wp-json\/wp\/v2\/comments?post=1185"}],"version-history":[{"count":18,"href":"https:\/\/leafbiodiversity.eu\/ro\/wp-json\/wp\/v2\/pages\/1185\/revisions"}],"predecessor-version":[{"id":4920,"href":"https:\/\/leafbiodiversity.eu\/ro\/wp-json\/wp\/v2\/pages\/1185\/revisions\/4920"}],"up":[{"embeddable":true,"href":"https:\/\/leafbiodiversity.eu\/ro\/wp-json\/wp\/v2\/pages\/1180"}],"wp:attachment":[{"href":"https:\/\/leafbiodiversity.eu\/ro\/wp-json\/wp\/v2\/media?parent=1185"}],"curies":[{"name":"wp","href":"https:\/\/api.w.org\/{rel}","templated":true}]}}