{"id":1412,"date":"2023-05-07T17:06:24","date_gmt":"2023-05-07T17:06:24","guid":{"rendered":"https:\/\/leafbiodiversity.eu\/attivita\/meeting-internazionali-tpms\/"},"modified":"2025-02-17T13:42:20","modified_gmt":"2025-02-17T13:42:20","slug":"meeting-internazionali-tpms","status":"publish","type":"page","link":"https:\/\/leafbiodiversity.eu\/it\/attivita\/meeting-internazionali-tpms\/","title":{"rendered":"MEETING INTERNAZIONALI (TPMs)"},"content":{"rendered":"<p>[et_pb_section fb_built=&#8221;1&#8243; _builder_version=&#8221;4.21.0&#8243; _module_preset=&#8221;default&#8221; background_image=&#8221;https:\/\/leafbiodiversity.eu\/wp-content\/uploads\/2023\/05\/TO-NAM-JE-COVER-NA-FACEU.jpg&#8221; global_colors_info=&#8221;{}&#8221;][et_pb_row _builder_version=&#8221;4.21.0&#8243; _module_preset=&#8221;default&#8221; global_colors_info=&#8221;{}&#8221;][et_pb_column type=&#8221;4_4&#8243; _builder_version=&#8221;4.21.0&#8243; _module_preset=&#8221;default&#8221; global_colors_info=&#8221;{}&#8221;][et_pb_text _builder_version=&#8221;4.21.0&#8243; _module_preset=&#8221;default&#8221; text_text_color=&#8221;#383838&#8243; background_color=&#8221;#E0C588&#8243; text_orientation=&#8221;center&#8221; custom_padding=&#8221;4%|10%|4%|10%|true|true&#8221; global_colors_info=&#8221;{}&#8221;]<\/p>\n<h1 style=\"text-align: center;\"><b>MEETING INTERNAZIONALI (TPMs)<\/b><\/h1>\n<p>&nbsp;<\/p>\n<p><span style=\"font-weight: 400;\">I TPM migliorano ulteriormente la cooperazione efficiente tra i partner, mentre sono programmati incontri mensili di aggiornamento per seguire l&#8217;avanzamento del progetto.<\/span><\/p>\n<p>[\/et_pb_text][\/et_pb_column][\/et_pb_row][\/et_pb_section][et_pb_section fb_built=&#8221;1&#8243; _builder_version=&#8221;4.20.4&#8243; _module_preset=&#8221;default&#8221; global_colors_info=&#8221;{}&#8221;][et_pb_row _builder_version=&#8221;4.20.4&#8243; _module_preset=&#8221;default&#8221; global_colors_info=&#8221;{}&#8221;][et_pb_column type=&#8221;4_4&#8243; _builder_version=&#8221;4.20.4&#8243; _module_preset=&#8221;default&#8221; global_colors_info=&#8221;{}&#8221;][et_pb_text _builder_version=&#8221;4.23.1&#8243; _module_preset=&#8221;default&#8221; text_line_height=&#8221;1.9em&#8221; header_2_font=&#8221;||||||||&#8221; header_2_text_align=&#8221;left&#8221; header_2_line_height=&#8221;1.3em&#8221; global_colors_info=&#8221;{}&#8221;]<\/p>\n<h2>KICK OFF a Biot (FR), organizzato dal P6 \u2013 ENERGIES2050 (in collaborazione con P1 \u2013 MENC) a <span>Novembre<\/span>, 2022.<\/h2>\n<p><span style=\"font-weight: 400;\"><\/span><\/p>\n<p><img loading=\"lazy\" decoding=\"async\" src=\"https:\/\/leafbiodiversity.eu\/wp-content\/uploads\/2023\/05\/Tpm-1024x726.jpg\" width=\"1024\" height=\"726\" alt=\"\" class=\"wp-image-241 alignnone size-large\" srcset=\"https:\/\/leafbiodiversity.eu\/wp-content\/uploads\/2023\/05\/Tpm-1024x726.jpg 1024w, https:\/\/leafbiodiversity.eu\/wp-content\/uploads\/2023\/05\/Tpm-980x695.jpg 980w, https:\/\/leafbiodiversity.eu\/wp-content\/uploads\/2023\/05\/Tpm-480x340.jpg 480w\" sizes=\"(min-width: 0px) and (max-width: 480px) 480px, (min-width: 481px) and (max-width: 980px) 980px, (min-width: 981px) 1024px, 100vw\" \/><\/p>\n<p><span style=\"font-weight: 400;\">\u00c8 stato il primo incontro di persona del progetto ed \u00e8 servito per dare il via ai lavori. Con 10 persone presenti all&#8217;incontro, \u00e8 stata un&#8217;esperienza molto produttiva e fruttuosa che ha messo il team sulla strada giusta per il lavoro a venire. Durante questo incontro, i partner hanno esplorato la strategia del progetto, discusso degli aspetti gestionali e di qualit\u00e0, nonch\u00e9 del piano di diffusione, delle procedure di rendicontazione finanziaria, degli obblighi formali (Grant e accordo di partenariato) e di altri argomenti importanti per l&#8217;inizio del progetto. Ci\u00f2 che \u00e8 ancora pi\u00f9 importante \u00e8 che i compiti e le responsabilit\u00e0 sono stati delegati all&#8217;interno del consorzio per rendere pi\u00f9 facile seguire l&#8217;avanzamento del progetto e per assicurarsi che l&#8217;aspetto qualitativo del progetto sia tenuto presente per tutto il tempo. <\/span><\/p>\n<p><span style=\"font-weight: 400;\">Ultimo ma non meno importante, \u00e8 stata una meravigliosa opportunit\u00e0 per i partner di incontrarsi di persona, vedere i volti dietro gli schermi, le e-mail, i messaggi e creare un ambiente di lavoro positivo per il progetto. <\/span><\/p>\n<p>[\/et_pb_text][et_pb_divider _builder_version=&#8221;4.23.1&#8243; _module_preset=&#8221;default&#8221; global_colors_info=&#8221;{}&#8221;][\/et_pb_divider][\/et_pb_column][\/et_pb_row][et_pb_row _builder_version=&#8221;4.20.4&#8243; _module_preset=&#8221;default&#8221; locked=&#8221;off&#8221; global_colors_info=&#8221;{}&#8221;][et_pb_column type=&#8221;4_4&#8243; _builder_version=&#8221;4.20.4&#8243; _module_preset=&#8221;default&#8221; global_colors_info=&#8221;{}&#8221;][et_pb_text _builder_version=&#8221;4.23.1&#8243; _module_preset=&#8221;default&#8221; text_line_height=&#8221;1.9em&#8221; header_2_font=&#8221;||||||||&#8221; header_2_text_align=&#8221;left&#8221; header_2_line_height=&#8221;1.3em&#8221; custom_padding=&#8221;||20px|||&#8221; global_colors_info=&#8221;{}&#8221;]<\/p>\n<h2>2. TPM, online, organizzato da P1, MENC, nel maggio 2023<\/h2>\n<p><span style=\"font-weight: 400;\"><img loading=\"lazy\" decoding=\"async\" src=\"https:\/\/leafbiodiversity.eu\/wp-content\/uploads\/2023\/11\/2nd-meeting.jpg\" width=\"1870\" height=\"918\" alt=\"\" class=\"wp-image-1676 alignnone size-full\" srcset=\"https:\/\/leafbiodiversity.eu\/wp-content\/uploads\/2023\/11\/2nd-meeting.jpg 1870w, https:\/\/leafbiodiversity.eu\/wp-content\/uploads\/2023\/11\/2nd-meeting-1280x628.jpg 1280w, https:\/\/leafbiodiversity.eu\/wp-content\/uploads\/2023\/11\/2nd-meeting-980x481.jpg 980w, https:\/\/leafbiodiversity.eu\/wp-content\/uploads\/2023\/11\/2nd-meeting-480x236.jpg 480w\" sizes=\"(min-width: 0px) and (max-width: 480px) 480px, (min-width: 481px) and (max-width: 980px) 980px, (min-width: 981px) and (max-width: 1280px) 1280px, (min-width: 1281px) 1870px, 100vw\" \/><\/span><\/p>\n<p>&nbsp;<\/p>\n<p>Il Consorzio ha ripercorso tutte le attivit\u00e0 finora realizzate e quelle che ci attendono nel periodo estivo.<\/p>\n<p>I punti salienti del meeting sono stati il \u200b\u200bprogramma (syllabus) e il manuale: sono stati esaminati vari modelli e concordati i passi successivi, in particolare i focus group\/ e la revisione del syllabus in tutti i paesi partner: questo sar\u00e0 la base per strutturare il manuale.<\/p>\n<p>Inoltre \u00e9 stato presentato il sito web in inglese come risultato finale del progetto; mentre sono ancora da finalizzare le traduzioni per garantire un approccio inclusivo e una pi\u00f9 facile comprensione a livello locale in ciascun paese partner.<\/p>\n<p>[\/et_pb_text][et_pb_divider _builder_version=&#8221;4.23.1&#8243; _module_preset=&#8221;default&#8221; global_colors_info=&#8221;{}&#8221;][\/et_pb_divider][et_pb_text _builder_version=&#8221;4.23.1&#8243; _module_preset=&#8221;default&#8221; text_line_height=&#8221;1.9em&#8221; header_2_font=&#8221;||||||||&#8221; header_2_text_align=&#8221;left&#8221; header_2_line_height=&#8221;1.3em&#8221; custom_padding=&#8221;||14px|||&#8221; global_colors_info=&#8221;{}&#8221;]<\/p>\n<h2><span data-contrast=\"none\" xml:lang=\"EN-GB\" lang=\"EN-GB\" class=\"TextRun SCXW259791648 BCX0\"><span class=\"NormalTextRun SCXW259791648 BCX0\">3<\/span><span class=\"NormalTextRun SCXW259791648 BCX0\">.TPM<\/span><span class=\"NormalTextRun SCXW259791648 BCX0\">in Suceava (RO),<\/span> <span class=\"NormalTextRun SCXW259791648 BCX0\">organizzato da P1, MENC, a<\/span> <span class=\"NormalTextRun SCXW259791648 BCX0\">novembre<\/span><span class=\"NormalTextRun SCXW259791648 BCX0\">2023<\/span><\/span><span class=\"EOP SCXW259791648 BCX0\" data-ccp-props=\"{\"201341983\":0,\"335559739\":0,\"335559740\":240}\"> <\/span><\/h2>\n<p><span class=\"EOP SCXW259791648 BCX0\" data-ccp-props=\"{\"201341983\":0,\"335559739\":0,\"335559740\":240}\"><img loading=\"lazy\" decoding=\"async\" src=\"https:\/\/leafbiodiversity.eu\/wp-content\/uploads\/2023\/12\/PHOTO-website-3rd-TPM-300x225.jpg\" width=\"300\" height=\"225\" alt=\"\" class=\"wp-image-2024 alignnone size-medium\" style=\"display: block; margin-left: auto; margin-right: auto;\"><br \/><\/span><\/p>\n<p><span data-contrast=\"none\">Il Consorzio ha ripercorso tutte le attivit\u00e0 realizzate nel corso del primo anno e quelle che si prospettano per il secondo anno del progetto. <\/span><span data-ccp-props=\"{\"201341983\":0,\"335551550\":6,\"335551620\":6,\"335559739\":0,\"335559740\":240}\"> <\/span><\/p>\n<p><span data-contrast=\"none\">Tutti i partner hanno esaminato la bozza del Manuale, concordando la forma finale. Questo sar\u00e0 tradotto nella lingua dei partner e stampato come previsto. Si \u00e8 discusso inoltre il quadro delle competenze, che \u00e8 uno strumento importante per il risultato del nostro progetto.   <\/span><span data-ccp-props=\"{\"201341983\":0,\"335551550\":6,\"335551620\":6,\"335559739\":0,\"335559740\":240}\"> <\/span><\/p>\n<p><span data-contrast=\"none\">Il Consorzio ha anche discusso delle attivit\u00e0 previste e della Leaf Academy online, una piattaforma che sar\u00e0 creata come spazio di apprendimento per gli studenti. <\/span><span data-ccp-props=\"{\"201341983\":0,\"335551550\":6,\"335551620\":6,\"335559739\":0,\"335559740\":240}\"> <\/span><\/p>\n<p>[\/et_pb_text][et_pb_divider _builder_version=&#8221;4.23.1&#8243; _module_preset=&#8221;default&#8221; global_colors_info=&#8221;{}&#8221;][\/et_pb_divider][et_pb_text _builder_version=&#8221;4.27.4&#8243; _module_preset=&#8221;default&#8221; text_line_height=&#8221;1.9em&#8221; header_2_font=&#8221;||||||||&#8221; header_2_text_align=&#8221;left&#8221; header_2_line_height=&#8221;1.3em&#8221; custom_padding=&#8221;||14px|||&#8221; hover_enabled=&#8221;0&#8243; global_colors_info=&#8221;{}&#8221; sticky_enabled=&#8221;0&#8243;]<\/p>\n<h2>4.Quarto incontro internazionale dei coordinatori del progetto Erasmus LEAF a Belgrado<\/h2>\n<p>[\/et_pb_text][et_pb_text _builder_version=&#8221;4.27.4&#8243; _module_preset=&#8221;default&#8221; hover_enabled=&#8221;0&#8243; sticky_enabled=&#8221;0&#8243;]<\/p>\n<p><img loading=\"lazy\" decoding=\"async\" src=\"https:\/\/leafbiodiversity.eu\/wp-content\/uploads\/2025\/02\/461496943_524141203888783_1881215658522838077_n-1024x577.jpg\" width=\"1024\" height=\"577\" alt=\"\" class=\"wp-image-4886 aligncenter size-large\" srcset=\"https:\/\/leafbiodiversity.eu\/wp-content\/uploads\/2025\/02\/461496943_524141203888783_1881215658522838077_n-980x552.jpg 980w, https:\/\/leafbiodiversity.eu\/wp-content\/uploads\/2025\/02\/461496943_524141203888783_1881215658522838077_n-480x270.jpg 480w\" sizes=\"(min-width: 0px) and (max-width: 480px) 480px, (min-width: 481px) and (max-width: 980px) 980px, (min-width: 981px) 1024px, 100vw\" \/><\/p>\n<p>Il quarto incontro dei coordinatori del progetto Erasmus + LEAF si \u00e8 svolto il 26 e 27 settembre a Belgrado. Agli incontri hanno partecipato i coordinatori di progetto di tutti e sei i paesi partecipanti a questo progetto. L&#8217;incontro a Belgrado \u00e8 l&#8217;ultimo incontro nell&#8217;ambito di questo progetto, che si concluder\u00e0 a dicembre di quest&#8217;anno.  <\/p>\n<p>L&#8217;argomento principale degli incontri di due giorni \u00e8 stato l&#8217;analisi dell&#8217;attuale stato di avanzamento dei pacchetti di lavoro e la discussione dei futuri passaggi nell&#8217;implementazione dei progetti. I coordinatori hanno discusso in dettaglio i risultati finora ottenuti e le sfide affrontate negli ultimi due anni di lavoro su questo progetto. Come risultato dell&#8217;impegno congiunto di tutti e sei i paesi, sono stati creati un manuale e una piattaforma interattiva per gli insegnanti. Il manuale \u00e8 destinato agli insegnanti che desiderano migliorare la propria pratica perch\u00e9 fornisce contenuti ricchi e esercizi che possono essere facilmente applicati in classe, mentre la piattaforma interattiva funge da strumento didattico perch\u00e9 offre risorse utili che possono essere facilmente integrate nei piani di lezione.   <\/p>\n<p>Link al manuale: https:\/\/leafbiodiversity.eu\/results\/teachers-handbook\/<\/p>\n<p>Link alla piattaforma educativa: https:\/\/leafelearning.com\/<\/p>\n<p>Dopo una valutazione dettagliata degli obiettivi raggiunti, i coordinatori hanno presentato i piani per le prossime fasi del progetto. L&#8217;attenzione si \u00e8 concentrata in particolare sull&#8217;ulteriore sviluppo della piattaforma e sulla definizione delle strategie che consentiranno di realizzare nel modo pi\u00f9 efficace gli obiettivi del progetto. <\/p>\n<p>Dopo gli incontri, i partecipanti hanno avuto l&#8217;opportunit\u00e0 di visitare Belgrado con una guida esperta e, con una rilassante passeggiata nel centro della citt\u00e0, conoscerne la storia e l&#8217;architettura. La sera, insieme ai loro ospiti, hanno visitato la parte boh\u00e9mien della citt\u00e0, Skadarlija, godendo del clima piacevole e dell&#8217;atmosfera del quartiere boh\u00e9mien. <\/p>\n<p>Desideriamo ringraziare tutti i partecipanti all&#8217;incontro per la discussione costruttiva e il contributo al successo di questo incontro. Ci auguriamo di continuare a lavorare e di realizzare con successo i prossimi passi. <\/p>\n<p>[\/et_pb_text][\/et_pb_column][\/et_pb_row][\/et_pb_section][et_pb_section fb_built=&#8221;1&#8243; admin_label=&#8221;Footer&#8221; _builder_version=&#8221;4.20.4&#8243; _module_preset=&#8221;default&#8221; background_color=&#8221;#E0C588&#8243; background_enable_image=&#8221;off&#8221; background_size=&#8221;contain&#8221; background_position=&#8221;top_center&#8221; custom_padding=&#8221;||2px|||&#8221; background_last_edited=&#8221;on|tablet&#8221; background_size_tablet=&#8221;contain&#8221; background_position_tablet=&#8221;top_center&#8221; global_module=&#8221;54&#8243; saved_tabs=&#8221;all&#8221; collapsed=&#8221;on&#8221; global_colors_info=&#8221;{}&#8221;][et_pb_row column_structure=&#8221;1_3,1_3,1_3&#8243; use_custom_gutter=&#8221;on&#8221; gutter_width=&#8221;2&#8243; _builder_version=&#8221;4.20.0&#8243; _module_preset=&#8221;default&#8221; global_colors_info=&#8221;{}&#8221;][et_pb_column type=&#8221;1_3&#8243; _builder_version=&#8221;4.20.0&#8243; _module_preset=&#8221;default&#8221; custom_padding=&#8221;30px||30px||true|false&#8221; custom_padding_tablet=&#8221;0px||0px||true|false&#8221; custom_padding_phone=&#8221;0px||0px||true|false&#8221; custom_padding_last_edited=&#8221;on|phone&#8221; global_colors_info=&#8221;{}&#8221;][et_pb_image src=&#8221;https:\/\/leafbiodiversity.eu\/wp-content\/uploads\/2024\/06\/eu_co_funded_en-300&#215;63.jpg&#8221; title_text=&#8221;Flag_2colors.eps&#8221; _builder_version=&#8221;4.25.0&#8243; _module_preset=&#8221;default&#8221; global_colors_info=&#8221;{}&#8221;][\/et_pb_image][et_pb_text _builder_version=&#8221;4.21.0&#8243; _module_preset=&#8221;default&#8221; text_font_size=&#8221;12px&#8221; text_line_height=&#8221;1.5em&#8221; global_colors_info=&#8221;{}&#8221;]<\/p>\n<p>&nbsp;<\/p>\n<p><span style=\"font-weight: 400;\"><span>Questo progetto \u00e8 stato cofinanziato con il sostegno della Commissione Europea. La presente comunicazione riflette esclusivamente le opinioni dell&#8217;autore e la Commissione non pu\u00f2 essere ritenuta responsabile dell&#8217;uso che potr\u00e0 essere fatto delle informazioni in essa contenute.<\/span><\/span><\/p>\n<p><span style=\"font-weight: 400;\">Progetto N\u00b0:2022-1-RO01-KA220-SCH-000086884<\/span><\/p>\n<p>[\/et_pb_text][\/et_pb_column][et_pb_column type=&#8221;1_3&#8243; _builder_version=&#8221;4.20.0&#8243; _module_preset=&#8221;default&#8221; custom_padding=&#8221;30px||30px||true|false&#8221; custom_padding_tablet=&#8221;0px||0px||true|false&#8221; custom_padding_phone=&#8221;0px||0px||true|false&#8221; custom_padding_last_edited=&#8221;on|phone&#8221; global_colors_info=&#8221;{}&#8221;][et_pb_text _builder_version=&#8221;4.20.4&#8243; _module_preset=&#8221;d66abf77-cee8-41a0-a950-711cacee6424&#8243; header_text_align_tablet=&#8221;&#8221; header_text_align_phone=&#8221;&#8221; header_text_align_last_edited=&#8221;on|phone&#8221; header_font_size_tablet=&#8221;&#8221; header_font_size_phone=&#8221;&#8221; header_font_size_last_edited=&#8221;on|phone&#8221; text_orientation_tablet=&#8221;&#8221; text_orientation_phone=&#8221;center&#8221; text_orientation_last_edited=&#8221;on|phone&#8221; locked=&#8221;off&#8221; global_colors_info=&#8221;{}&#8221;]<\/p>\n<h5>Seguici<\/h5>\n<p>[\/et_pb_text][et_pb_social_media_follow icon_color=&#8221;#95AD33&#8243; use_icon_font_size=&#8221;on&#8221; icon_font_size=&#8221;14px&#8221; _builder_version=&#8221;4.26.1&#8243; _module_preset=&#8221;default&#8221; text_orientation=&#8221;left&#8221; text_orientation_tablet=&#8221;center&#8221; text_orientation_phone=&#8221;&#8221; text_orientation_last_edited=&#8221;on|phone&#8221; border_radii=&#8221;on|100px|100px|100px|100px&#8221; global_colors_info=&#8221;{}&#8221;][et_pb_social_media_follow_network social_network=&#8221;facebook&#8221; url=&#8221;https:\/\/www.facebook.com\/leafbiodiversity&#8221; _builder_version=&#8221;4.26.1&#8243; _module_preset=&#8221;default&#8221; background_color=&#8221;#EFE8D7&#8243; background_enable_color=&#8221;on&#8221; custom_padding=&#8221;4px|4px|4px|4px|true|true&#8221; global_colors_info=&#8221;{}&#8221; follow_button=&#8221;off&#8221; url_new_window=&#8221;on&#8221;]facebook[\/et_pb_social_media_follow_network][et_pb_social_media_follow_network social_network=&#8221;instagram&#8221; url=&#8221;https:\/\/www.instagram.com\/leafbiodiversity&#8221; _builder_version=&#8221;4.26.1&#8243; _module_preset=&#8221;default&#8221; background_color=&#8221;#EFE8D7&#8243; background_enable_color=&#8221;on&#8221; custom_padding=&#8221;4px|4px|4px|4px|true|true&#8221; global_colors_info=&#8221;{%22gcid-cc1e7daa-e7a2-44d1-a6d4-86221a549f5c%22:%91%22background_color%22,%22background_color%22%93}&#8221; follow_button=&#8221;off&#8221; url_new_window=&#8221;on&#8221;]instagram[\/et_pb_social_media_follow_network][\/et_pb_social_media_follow][\/et_pb_column][et_pb_column type=&#8221;1_3&#8243; _builder_version=&#8221;4.20.0&#8243; _module_preset=&#8221;default&#8221; custom_padding=&#8221;30px||30px||true|false&#8221; custom_padding_tablet=&#8221;&#8221; custom_padding_phone=&#8221;0px||0px||true|false&#8221; custom_padding_last_edited=&#8221;on|phone&#8221; global_colors_info=&#8221;{}&#8221;][et_pb_text _builder_version=&#8221;4.20.4&#8243; _module_preset=&#8221;d66abf77-cee8-41a0-a950-711cacee6424&#8243; header_5_font_size_tablet=&#8221;&#8221; header_5_font_size_phone=&#8221;&#8221; header_5_font_size_last_edited=&#8221;on|phone&#8221; locked=&#8221;off&#8221; global_colors_info=&#8221;{}&#8221;]<\/p>\n<h5>Contatto<\/h5>\n<p>[\/et_pb_text][et_pb_blurb title=&#8221;daniela.melisch@cneminescu.ro&#8221; url=&#8221;mailto:daniela.melisch@cneminescu.ro&#8221; use_icon=&#8221;on&#8221; font_icon=&#8221;&#xe010;||divi||400&#8243; icon_color=&#8221;#95AD33&#8243; image_icon_background_color=&#8221;#EFE8D7&#8243; icon_placement=&#8221;left&#8221; image_icon_width=&#8221;20px&#8221; _builder_version=&#8221;4.26.1&#8243; _module_preset=&#8221;default&#8221; header_line_height=&#8221;2em&#8221; image_icon_custom_padding=&#8221;8px|8px|8px|8px|true|true&#8221; link_option_url=&#8221;mailto:daniela.melisch@cneminescu.ro&#8221; border_radii_image=&#8221;on|33px|33px|33px|33px&#8221; global_colors_info=&#8221;{}&#8221;][\/et_pb_blurb][\/et_pb_column][\/et_pb_row][et_pb_row column_structure=&#8221;1_5,3_5,1_5&#8243; _builder_version=&#8221;4.20.0&#8243; _module_preset=&#8221;default&#8221; border_color_all=&#8221;rgba(94,94,78,0.2)&#8221; border_width_top=&#8221;1px&#8221; global_colors_info=&#8221;{}&#8221;][et_pb_column type=&#8221;1_5&#8243; _builder_version=&#8221;4.20.0&#8243; _module_preset=&#8221;default&#8221; global_colors_info=&#8221;{}&#8221;][\/et_pb_column][et_pb_column type=&#8221;3_5&#8243; _builder_version=&#8221;4.20.0&#8243; _module_preset=&#8221;default&#8221; custom_padding=&#8221;16px||||false|false&#8221; custom_padding_tablet=&#8221;0px||||false|false&#8221; custom_padding_phone=&#8221;&#8221; custom_padding_last_edited=&#8221;on|tablet&#8221; global_colors_info=&#8221;{}&#8221;][et_pb_text _builder_version=&#8221;4.20.4&#8243; _module_preset=&#8221;default&#8221; text_font=&#8221;|700|||||||&#8221; text_font_size=&#8221;13px&#8221; link_text_color=&#8221;#95AD33&#8243; text_orientation=&#8221;center&#8221; global_colors_info=&#8221;{}&#8221;]<\/p>\n<p>Sviluppato da <a href=\"https:\/\/ignis.hr\" target=\"_blank\" rel=\"noopener\">IGNIS<\/a><\/p>\n<p>[\/et_pb_text][\/et_pb_column][et_pb_column type=&#8221;1_5&#8243; _builder_version=&#8221;4.20.0&#8243; _module_preset=&#8221;default&#8221; custom_padding=&#8221;6px||||false|false&#8221; custom_padding_tablet=&#8221;0px||||false|false&#8221; custom_padding_phone=&#8221;&#8221; custom_padding_last_edited=&#8221;on|tablet&#8221; global_colors_info=&#8221;{}&#8221;][\/et_pb_column][\/et_pb_row][\/et_pb_section]<\/p>\n","protected":false},"excerpt":{"rendered":"<p>MEETING INTERNAZIONALI (TPMs) &nbsp; I TPM migliorano ulteriormente la cooperazione efficiente tra i partner, mentre sono programmati incontri mensili di aggiornamento per seguire l&#8217;avanzamento del progetto.KICK OFF a Biot (FR), organizzato dal P6 \u2013 ENERGIES2050 (in collaborazione con P1 \u2013 MENC) a Novembre, 2022. \u00c8 stato il primo incontro di persona del progetto ed \u00e8 [&hellip;]<\/p>\n","protected":false},"author":1,"featured_media":0,"parent":1400,"menu_order":0,"comment_status":"closed","ping_status":"closed","template":"","meta":{"_et_pb_use_builder":"on","_et_pb_old_content":"","_et_gb_content_width":"","footnotes":""},"class_list":["post-1412","page","type-page","status-publish","hentry"],"_links":{"self":[{"href":"https:\/\/leafbiodiversity.eu\/it\/wp-json\/wp\/v2\/pages\/1412","targetHints":{"allow":["GET"]}}],"collection":[{"href":"https:\/\/leafbiodiversity.eu\/it\/wp-json\/wp\/v2\/pages"}],"about":[{"href":"https:\/\/leafbiodiversity.eu\/it\/wp-json\/wp\/v2\/types\/page"}],"author":[{"embeddable":true,"href":"https:\/\/leafbiodiversity.eu\/it\/wp-json\/wp\/v2\/users\/1"}],"replies":[{"embeddable":true,"href":"https:\/\/leafbiodiversity.eu\/it\/wp-json\/wp\/v2\/comments?post=1412"}],"version-history":[{"count":10,"href":"https:\/\/leafbiodiversity.eu\/it\/wp-json\/wp\/v2\/pages\/1412\/revisions"}],"predecessor-version":[{"id":4966,"href":"https:\/\/leafbiodiversity.eu\/it\/wp-json\/wp\/v2\/pages\/1412\/revisions\/4966"}],"up":[{"embeddable":true,"href":"https:\/\/leafbiodiversity.eu\/it\/wp-json\/wp\/v2\/pages\/1400"}],"wp:attachment":[{"href":"https:\/\/leafbiodiversity.eu\/it\/wp-json\/wp\/v2\/media?parent=1412"}],"curies":[{"name":"wp","href":"https:\/\/api.w.org\/{rel}","templated":true}]}}