{"id":1409,"date":"2023-05-07T17:05:30","date_gmt":"2023-05-07T17:05:30","guid":{"rendered":"https:\/\/leafbiodiversity.eu\/attivita\/attivita-per-formare-i-formatori\/"},"modified":"2024-09-07T20:04:21","modified_gmt":"2024-09-07T20:04:21","slug":"attivita-per-formare-i-formatori","status":"publish","type":"page","link":"https:\/\/leafbiodiversity.eu\/it\/attivita\/attivita-per-formare-i-formatori\/","title":{"rendered":"Attivit\u00e0 di formazione"},"content":{"rendered":"<p>[et_pb_section fb_built=&#8221;1&#8243; _builder_version=&#8221;4.20.4&#8243; _module_preset=&#8221;default&#8221; global_colors_info=&#8221;{}&#8221;][et_pb_row _builder_version=&#8221;4.20.4&#8243; _module_preset=&#8221;default&#8221; global_colors_info=&#8221;{}&#8221;][et_pb_column type=&#8221;4_4&#8243; _builder_version=&#8221;4.20.4&#8243; _module_preset=&#8221;default&#8221; global_colors_info=&#8221;{}&#8221;][et_pb_text _builder_version=&#8221;4.20.4&#8243; _module_preset=&#8221;default&#8221; global_colors_info=&#8221;{}&#8221;]<\/p>\n<h1 style=\"text-align: center;\"><b>Attivit\u00e0 di formazione per i formatori<\/b><\/h1>\n<p>[\/et_pb_text][et_pb_gallery gallery_ids=&#8221;1994,2001,2008,2015&#8243; show_title_and_caption=&#8221;off&#8221; _builder_version=&#8221;4.23.1&#8243; _module_preset=&#8221;default&#8221; global_colors_info=&#8221;{}&#8221;][\/et_pb_gallery][et_pb_text _builder_version=&#8221;4.23.1&#8243; _module_preset=&#8221;default&#8221; global_colors_info=&#8221;{}&#8221;]<\/p>\n<h2><span data-contrast=\"none\">Attivit\u00e0 di formazione per i formatori organizzata da P1, MENC (RO), a novembre 2023<\/span><span data-ccp-props=\"{\"201341983\":0,\"335551550\":6,\"335551620\":6,\"335559739\":0,\"335559740\":240}\"> <\/span><\/h2>\n<p><span data-contrast=\"auto\">L&#8217;attivit\u00e0 ha coinvolto un esperto per ciascun partner che ha formato gli altri partecipanti durante i workshop sui seguenti temi: Cambiamenti climatici e biodiversit\u00e0 urbana (Modulo sviluppato da ENERGIES2050), Aree naturali protette (Modulo sviluppato da PLATON), Parchi urbani e foreste (Modulo sviluppato da MENC), Biodiversit\u00e0 acquatica (Modulo sviluppato da LINKGroup), <\/span><span data-contrast=\"none\">Potenziamento delle competenze digitali degli insegnanti (Modulo sviluppato da Dlearn), Cooperazione con la comunit\u00e0 locale (Modulo sviluppato da PASBS)<\/span><span data-ccp-props=\"{\"201341983\":0,\"335551550\":6,\"335551620\":6,\"335559739\":0,\"335559740\":240}\"> <\/span><\/p>\n<p><span data-contrast=\"auto\">Gli insegnanti svolgono un ruolo cruciale nel sostenere lo sviluppo degli studenti e sono agenti chiave di cambiamento nello sviluppo scolastico. Il nostro progetto incoraggia la trasformazione delle scuole in \u201corganizzazioni di apprendimento aperto\u201d, consentendo agli insegnanti e ai dirigenti scolastici di migliorare contemporaneamente sia le loro pratiche pedagogiche che quelle organizzative attraverso la ricerca collaborativa locale, il networking e lo sviluppo professionale continuo. Formando gli insegnanti sul service-learning e sulla scienza dei cittadini, LEAF contribuisce a sviluppare la leadership scolastica e a rafforzare il rapporto della scuola con la comunit\u00e0.<\/span><span data-ccp-props=\"{\"201341983\":0,\"335551550\":6,\"335551620\":6,\"335559739\":0,\"335559740\":240}\"> <\/span><\/p>\n<p><span data-contrast=\"auto\">La biodiversit\u00e0 si adatta bene non solo ai programmi di studio di scienze e geografia, ma anche a molte altre materie, soprattutto quando l\u2019apprendimento avviene fuori dalla classe. Ad esempio, il monitoraggio della biodiversit\u00e0 fornisce una grande quantit\u00e0 di dati che possono essere utilizzati in classe per supportare le lezioni di matematica. La natura ha fornito per secoli ispirazione anche alla poesia, all&#8217;arte e alla letteratura. La biodiversit\u00e0 si presta anche ad intavolare discussioni sulla cittadinanza. Inoltre aiuta a sviluppare un pensiero ecologico e un approccio di pensiero sistemico studiando le catene all&#8217;interno degli ecosistemi e l&#8217;impatto dei processi naturali sul benessere umano.<\/span><span data-ccp-props=\"{\"201341983\":0,\"335551550\":6,\"335551620\":6,\"335559739\":0,\"335559740\":240}\"> <\/span><\/p>\n<p><span data-contrast=\"auto\">Questa attivit\u00e0 aveva i seguenti scopi:<\/span><span data-ccp-props=\"{\"201341983\":0,\"335551550\":6,\"335551620\":6,\"335559739\":0,\"335559740\":240}\"> <\/span><\/p>\n<ul>\n<li><span data-contrast=\"auto\"> Creare una nuova metodologia di servizio didattico per le scuole secondarie mirata al monitoraggio e alla tutela della biodiversit\u00e0 vegetale locale.<\/span><span data-ccp-props=\"{\"201341983\":0,\"335551550\":6,\"335551620\":6,\"335559739\":0,\"335559740\":240}\"><\/span><\/li>\n<li><span data-contrast=\"auto\"> Aumentare la percentuale di ambienti vegetali europei effettivamente monitorati su base regolare.<\/span><span data-ccp-props=\"{\"201341983\":0,\"335551550\":6,\"335551620\":6,\"335559739\":0,\"335559740\":240}\"><\/span><\/li>\n<li><span data-contrast=\"auto\"> Promuovere un nuovo modello di iniziativa civica di base dedicata alla biodiversit\u00e0 vegetale svolta dalle scuole;<\/span><span data-ccp-props=\"{\"201341983\":0,\"335551550\":6,\"335551620\":6,\"335559739\":0,\"335559740\":240}\"><\/span><\/li>\n<li><span data-contrast=\"auto\"> Migliorare la qualit\u00e0 dell\u2019apprendimento STEM per gli studenti delle scuole secondarie attraverso metodologie innovative basate su progetti.<\/span><span data-ccp-props=\"{\"201341983\":0,\"335551550\":6,\"335551620\":6,\"335559739\":0,\"335559740\":240}\"><\/span><\/li>\n<li><span data-contrast=\"auto\"> Collegare il programma e gli obiettivi di apprendimento degli studenti con i bisogni reali della comunit\u00e0, andando cos\u00ec oltre il vecchio metodo di apprendimento passivo in cui gli studenti ricevono solo informazioni dagli insegnanti, senza feedback o applicazione pratica.<\/span><span data-ccp-props=\"{\"201341983\":0,\"335551550\":6,\"335551620\":6,\"335559739\":0,\"335559740\":240}\"><\/span><\/li>\n<li><span data-contrast=\"auto\"> Aumentare il coinvolgimento e la partecipazione degli studenti, contrastando cos\u00ec l\u2019abbandono scolastico precoce.<\/span><span data-ccp-props=\"{\"201341983\":0,\"335551550\":6,\"335551620\":6,\"335559739\":0,\"335559740\":240}\"><\/span><\/li>\n<li><span data-contrast=\"auto\"> Promuovere la cittadinanza attiva, la tutela dell\u2019ambiente, l\u2019inclusione sociale e l\u2019instaurazione di una cooperazione strutturata a lungo termine tra le scuole e le parti interessate locali.<\/span><\/li>\n<\/ul>\n<p><span data-contrast=\"none\">La nostra attivit\u00e0 formativa \u00e8 quindi riuscita a:<\/span><span data-ccp-props=\"{\"201341983\":0,\"335551550\":6,\"335551620\":6,\"335559739\":0,\"335559740\":240}\"> <\/span><\/p>\n<ol>\n<li><span data-contrast=\"none\"> Supportare lo sviluppo di competenze di sostenibilit\u00e0 in linea con il Quadro europeo delle competenze di sostenibilit\u00e0 (GreenComp). Tutto ci\u00f2 grazie ad un approccio didattico innovativo e multidisciplinare che promuovel\u2019impegno civico e l\u2019apprendimento esperienziale.<\/span><span data-ccp-props=\"{\"201341983\":0,\"335551550\":6,\"335551620\":6,\"335559739\":0,\"335559740\":240}\"><\/span><\/li>\n<li><span data-contrast=\"none\"> Sensibilizzare sull\u2019importanza della biodiversit\u00e0 e sulla necessit\u00e0 di proteggere la natura e promuovere l\u2019importanza della scienza dei cittadini per monitorare la biodiversit\u00e0 vegetale. Attraverso l\u2019educazione, il progetto mira a rendere insegnanti e studenti agenti di cambiamento.<\/span><span data-ccp-props=\"{\"201341983\":0,\"335551550\":6,\"335551620\":6,\"335559739\":0,\"335559740\":240}\"><\/span><\/li>\n<li><span data-contrast=\"none\"> Fornire agli insegnanti un&#8217;opportunit\u00e0 unica di sviluppo professionale continuo per migliorare le proprie competenze nell&#8217;utilizzo di un approccio didattico innovativo e multidisciplinare.<\/span><span data-ccp-props=\"{\"201341983\":0,\"335551550\":6,\"335551620\":6,\"335559739\":0,\"335559740\":240}\"><\/span><\/li>\n<\/ol>\n<p>[\/et_pb_text][\/et_pb_column][\/et_pb_row][\/et_pb_section][et_pb_section fb_built=&#8221;1&#8243; admin_label=&#8221;Footer&#8221; _builder_version=&#8221;4.20.4&#8243; _module_preset=&#8221;default&#8221; background_color=&#8221;#E0C588&#8243; background_enable_image=&#8221;off&#8221; background_size=&#8221;contain&#8221; background_position=&#8221;top_center&#8221; custom_padding=&#8221;||2px|||&#8221; background_last_edited=&#8221;on|tablet&#8221; background_size_tablet=&#8221;contain&#8221; background_position_tablet=&#8221;top_center&#8221; saved_tabs=&#8221;all&#8221; collapsed=&#8221;on&#8221; global_colors_info=&#8221;{}&#8221;][et_pb_row column_structure=&#8221;1_3,1_3,1_3&#8243; use_custom_gutter=&#8221;on&#8221; gutter_width=&#8221;2&#8243; _builder_version=&#8221;4.20.0&#8243; _module_preset=&#8221;default&#8221; global_colors_info=&#8221;{}&#8221;][et_pb_column type=&#8221;1_3&#8243; _builder_version=&#8221;4.20.0&#8243; _module_preset=&#8221;default&#8221; custom_padding=&#8221;30px||30px||true|false&#8221; custom_padding_tablet=&#8221;0px||0px||true|false&#8221; custom_padding_phone=&#8221;0px||0px||true|false&#8221; custom_padding_last_edited=&#8221;on|phone&#8221; global_colors_info=&#8221;{}&#8221;][et_pb_image src=&#8221;https:\/\/leafbiodiversity.eu\/wp-content\/uploads\/2024\/09\/IT_Co-fundedbytheEU_RGB_POS-removebg-preview-5.png&#8221; title_text=&#8221;IT_Co-fundedbytheEU_RGB_POS-removebg-preview&#8221; _builder_version=&#8221;4.26.1&#8243; _module_preset=&#8221;default&#8221; hover_enabled=&#8221;0&#8243; global_colors_info=&#8221;{}&#8221; sticky_enabled=&#8221;0&#8243;][\/et_pb_image][et_pb_text _builder_version=&#8221;4.21.0&#8243; _module_preset=&#8221;default&#8221; text_font_size=&#8221;12px&#8221; text_line_height=&#8221;1.5em&#8221; global_colors_info=&#8221;{}&#8221;]<\/p>\n<p><span style=\"font-weight: 400;\">Questo progetto \u00e8 stato cofinanziato con il sostegno della Commissione Europea. Questa comunicazione riflette esclusivamente il punto di vista dell&#8217;autore e la Commissione non pu\u00f2 essere ritenuta responsabile per qualsiasi uso che possa essere fatto delle informazioni in essa contenute.<\/span><\/p>\n<p><span style=\"font-weight: 400;\">Progetto N\u00b0:2022-1-RO01-KA220-SCH-000086884<\/span><\/p>\n<p>[\/et_pb_text][\/et_pb_column][et_pb_column type=&#8221;1_3&#8243; _builder_version=&#8221;4.20.0&#8243; _module_preset=&#8221;default&#8221; custom_padding=&#8221;30px||30px||true|false&#8221; custom_padding_tablet=&#8221;0px||0px||true|false&#8221; custom_padding_phone=&#8221;0px||0px||true|false&#8221; custom_padding_last_edited=&#8221;on|phone&#8221; global_colors_info=&#8221;{}&#8221;][et_pb_text _builder_version=&#8221;4.20.4&#8243; _module_preset=&#8221;d66abf77-cee8-41a0-a950-711cacee6424&#8243; header_text_align_tablet=&#8221;&#8221; header_text_align_phone=&#8221;&#8221; header_text_align_last_edited=&#8221;on|phone&#8221; header_font_size_tablet=&#8221;&#8221; header_font_size_phone=&#8221;&#8221; header_font_size_last_edited=&#8221;on|phone&#8221; text_orientation_tablet=&#8221;&#8221; text_orientation_phone=&#8221;center&#8221; text_orientation_last_edited=&#8221;on|phone&#8221; locked=&#8221;off&#8221; global_colors_info=&#8221;{}&#8221;]<\/p>\n<h5>Seguici<\/h5>\n<p>[\/et_pb_text][et_pb_social_media_follow icon_color=&#8221;#95AD33&#8243; use_icon_font_size=&#8221;on&#8221; icon_font_size=&#8221;14px&#8221; _builder_version=&#8221;4.21.0&#8243; _module_preset=&#8221;default&#8221; text_orientation=&#8221;left&#8221; text_orientation_tablet=&#8221;center&#8221; text_orientation_phone=&#8221;&#8221; text_orientation_last_edited=&#8221;on|phone&#8221; border_radii=&#8221;on|100px|100px|100px|100px&#8221; global_colors_info=&#8221;{}&#8221;][et_pb_social_media_follow_network social_network=&#8221;facebook&#8221; url=&#8221;https:\/\/www.facebook.com\/leafbiodiversity&#8221; _builder_version=&#8221;4.21.0&#8243; _module_preset=&#8221;default&#8221; background_color=&#8221;#EFE8D7&#8243; background_enable_color=&#8221;on&#8221; custom_padding=&#8221;4px|4px|4px|4px|true|true&#8221; global_colors_info=&#8221;{}&#8221; follow_button=&#8221;off&#8221; url_new_window=&#8221;on&#8221;]facebook[\/et_pb_social_media_follow_network][et_pb_social_media_follow_network social_network=&#8221;instagram&#8221; url=&#8221;https:\/\/www.instagram.com\/leafbiodiversity&#8221; _builder_version=&#8221;4.21.0&#8243; _module_preset=&#8221;default&#8221; background_color=&#8221;#EFE8D7&#8243; background_enable_color=&#8221;on&#8221; custom_padding=&#8221;4px|4px|4px|4px|true|true&#8221; global_colors_info=&#8221;{%22gcid-cc1e7daa-e7a2-44d1-a6d4-86221a549f5c%22:%91%22background_color%22,%22background_color%22%93}&#8221; follow_button=&#8221;off&#8221; url_new_window=&#8221;on&#8221;]instagram[\/et_pb_social_media_follow_network][\/et_pb_social_media_follow][\/et_pb_column][et_pb_column type=&#8221;1_3&#8243; _builder_version=&#8221;4.20.0&#8243; _module_preset=&#8221;default&#8221; custom_padding=&#8221;30px||30px||true|false&#8221; custom_padding_tablet=&#8221;&#8221; custom_padding_phone=&#8221;0px||0px||true|false&#8221; custom_padding_last_edited=&#8221;on|phone&#8221; global_colors_info=&#8221;{}&#8221;][et_pb_text _builder_version=&#8221;4.20.4&#8243; _module_preset=&#8221;d66abf77-cee8-41a0-a950-711cacee6424&#8243; header_5_font_size_tablet=&#8221;&#8221; header_5_font_size_phone=&#8221;&#8221; header_5_font_size_last_edited=&#8221;on|phone&#8221; locked=&#8221;off&#8221; global_colors_info=&#8221;{}&#8221;]<\/p>\n<h5>Contatto<\/h5>\n<p>[\/et_pb_text][et_pb_blurb title=&#8221;daniela.melisch@cneminescu.ro&#8221; url=&#8221;http:\/\/daniela.melisch@cneminescu.ro&#8221; use_icon=&#8221;on&#8221; font_icon=&#8221;&#xe010;||divi||400&#8243; icon_color=&#8221;#95AD33&#8243; image_icon_background_color=&#8221;#EFE8D7&#8243; icon_placement=&#8221;left&#8221; image_icon_width=&#8221;20px&#8221; _builder_version=&#8221;4.21.0&#8243; _module_preset=&#8221;default&#8221; header_line_height=&#8221;2em&#8221; image_icon_custom_padding=&#8221;8px|8px|8px|8px|true|true&#8221; link_option_url=&#8221;daniela.melisch@cneminescu.ro&#8221; border_radii_image=&#8221;on|33px|33px|33px|33px&#8221; global_colors_info=&#8221;{}&#8221;][\/et_pb_blurb][\/et_pb_column][\/et_pb_row][et_pb_row column_structure=&#8221;1_5,3_5,1_5&#8243; _builder_version=&#8221;4.20.0&#8243; _module_preset=&#8221;default&#8221; border_color_all=&#8221;rgba(94,94,78,0.2)&#8221; border_width_top=&#8221;1px&#8221; global_colors_info=&#8221;{}&#8221;][et_pb_column type=&#8221;1_5&#8243; _builder_version=&#8221;4.20.0&#8243; _module_preset=&#8221;default&#8221; global_colors_info=&#8221;{}&#8221;][\/et_pb_column][et_pb_column type=&#8221;3_5&#8243; _builder_version=&#8221;4.20.0&#8243; _module_preset=&#8221;default&#8221; custom_padding=&#8221;16px||||false|false&#8221; custom_padding_tablet=&#8221;0px||||false|false&#8221; custom_padding_phone=&#8221;&#8221; custom_padding_last_edited=&#8221;on|tablet&#8221; global_colors_info=&#8221;{}&#8221;][et_pb_text _builder_version=&#8221;4.20.4&#8243; _module_preset=&#8221;default&#8221; text_font=&#8221;|700|||||||&#8221; text_font_size=&#8221;13px&#8221; link_text_color=&#8221;#95AD33&#8243; text_orientation=&#8221;center&#8221; global_colors_info=&#8221;{}&#8221;]<\/p>\n<p>Sviluppato da <a href=\"https:\/\/ignis.hr\" target=\"_blank\" rel=\"noopener\">IGNIS<\/a><\/p>\n<p>[\/et_pb_text][\/et_pb_column][et_pb_column type=&#8221;1_5&#8243; _builder_version=&#8221;4.20.0&#8243; _module_preset=&#8221;default&#8221; custom_padding=&#8221;6px||||false|false&#8221; custom_padding_tablet=&#8221;0px||||false|false&#8221; custom_padding_phone=&#8221;&#8221; custom_padding_last_edited=&#8221;on|tablet&#8221; global_colors_info=&#8221;{}&#8221;][\/et_pb_column][\/et_pb_row][\/et_pb_section]<\/p>\n","protected":false},"excerpt":{"rendered":"<p>Attivit\u00e0 di formazione per i formatoriAttivit\u00e0 di formazione per i formatori organizzata da P1, MENC (RO), a novembre 2023 L&#8217;attivit\u00e0 ha coinvolto un esperto per ciascun partner che ha formato gli altri partecipanti durante i workshop sui seguenti temi: Cambiamenti climatici e biodiversit\u00e0 urbana (Modulo sviluppato da ENERGIES2050), Aree naturali protette (Modulo sviluppato da PLATON), [&hellip;]<\/p>\n","protected":false},"author":1,"featured_media":0,"parent":1400,"menu_order":0,"comment_status":"closed","ping_status":"closed","template":"","meta":{"_et_pb_use_builder":"on","_et_pb_old_content":"","_et_gb_content_width":"","footnotes":""},"class_list":["post-1409","page","type-page","status-publish","hentry"],"_links":{"self":[{"href":"https:\/\/leafbiodiversity.eu\/it\/wp-json\/wp\/v2\/pages\/1409","targetHints":{"allow":["GET"]}}],"collection":[{"href":"https:\/\/leafbiodiversity.eu\/it\/wp-json\/wp\/v2\/pages"}],"about":[{"href":"https:\/\/leafbiodiversity.eu\/it\/wp-json\/wp\/v2\/types\/page"}],"author":[{"embeddable":true,"href":"https:\/\/leafbiodiversity.eu\/it\/wp-json\/wp\/v2\/users\/1"}],"replies":[{"embeddable":true,"href":"https:\/\/leafbiodiversity.eu\/it\/wp-json\/wp\/v2\/comments?post=1409"}],"version-history":[{"count":14,"href":"https:\/\/leafbiodiversity.eu\/it\/wp-json\/wp\/v2\/pages\/1409\/revisions"}],"predecessor-version":[{"id":3487,"href":"https:\/\/leafbiodiversity.eu\/it\/wp-json\/wp\/v2\/pages\/1409\/revisions\/3487"}],"up":[{"embeddable":true,"href":"https:\/\/leafbiodiversity.eu\/it\/wp-json\/wp\/v2\/pages\/1400"}],"wp:attachment":[{"href":"https:\/\/leafbiodiversity.eu\/it\/wp-json\/wp\/v2\/media?parent=1409"}],"curies":[{"name":"wp","href":"https:\/\/api.w.org\/{rel}","templated":true}]}}