{"id":3212,"date":"2024-08-19T13:52:54","date_gmt":"2024-08-19T13:52:54","guid":{"rendered":"https:\/\/leafbiodiversity.eu\/?page_id=3212"},"modified":"2025-02-10T12:30:44","modified_gmt":"2025-02-10T12:30:44","slug":"finalna-konferencija","status":"publish","type":"page","link":"https:\/\/leafbiodiversity.eu\/hr\/rezultati\/finalna-konferencija\/","title":{"rendered":"FINALNA KONFERENCIJA"},"content":{"rendered":"<p>[et_pb_section fb_built=&#8221;1&#8243; _builder_version=&#8221;4.20.4&#8243; _module_preset=&#8221;default&#8221; global_colors_info=&#8221;{}&#8221;][et_pb_row _builder_version=&#8221;4.20.4&#8243; _module_preset=&#8221;default&#8221; global_colors_info=&#8221;{}&#8221;][et_pb_column type=&#8221;4_4&#8243; _builder_version=&#8221;4.20.4&#8243; _module_preset=&#8221;default&#8221; global_colors_info=&#8221;{}&#8221;][et_pb_text _builder_version=&#8221;4.27.0&#8243; _module_preset=&#8221;default&#8221; global_colors_info=&#8221;{}&#8221;]<\/p>\n<h1 style=\"text-align: center;\">FINALNA KONFERENCIJA<\/h1>\n<p>[\/et_pb_text][et_pb_image src=&#8221;https:\/\/leafbiodiversity.eu\/wp-content\/uploads\/2024\/08\/FINAL-CONFERENCE.jpg&#8221; title_text=&#8221;FINAL CONFERENCE&#8221; align=&#8221;center&#8221; _builder_version=&#8221;4.26.1&#8243; _module_preset=&#8221;default&#8221; global_colors_info=&#8221;{}&#8221;][\/et_pb_image][\/et_pb_column][\/et_pb_row][et_pb_row _builder_version=&#8221;4.27.4&#8243; _module_preset=&#8221;default&#8221; locked=&#8221;off&#8221; global_colors_info=&#8221;{}&#8221;][et_pb_column type=&#8221;4_4&#8243; _builder_version=&#8221;4.27.4&#8243; _module_preset=&#8221;default&#8221; global_colors_info=&#8221;{}&#8221;][et_pb_text _builder_version=&#8221;4.27.4&#8243; _module_preset=&#8221;default&#8221; global_colors_info=&#8221;{}&#8221;]<\/p>\n<div>\n<div>\n<div>Partneri su uspje\u0161no odr\u017eali svoje zavr\u0161ne konferencije u svojim zemljama, gdje su predstavili projekt LEAF, podijelili dosada\u0161nja<br \/>postignu\u0107a i prikazali materijale razvijene tijekom projekta.<\/p>\n<\/div>\n<div>Ove zavr\u0161ne konferencije, koje je organizirao svaki partner, bile su klju\u010dni doga\u0111aji za sa\u017eetak napretka projekta, isticanje va\u017enih uvida i raspravu o budu\u0107em smjeru na\u0161ih zajedni\u010dkih napora. Obilje\u017eili su zna\u010dajan trenutak na putu, ponudiv\u0161i priliku za predstavljanje preliminarnih rezultata, razmjenu iskustava i suradnju s dionicima.<\/p>\n<\/div>\n<div>Odr\u017eano je ukupno \u0161est nacionalnih zavr\u0161nih konferencija u zemljama partnerima, koje su okupile oko 180 sudionika. Partneri su<br \/>radili zajedno kako bi osigurali da se dosegne \u0161iroka publika, anga\u017eiraju\u0107i \u0161to vi\u0161e dionika u svakom aspektu projekta.<span style=\"color: #888888;\"><br \/><\/span><\/div>\n<\/div>\n<div><\/div>\n<div><\/div>\n<\/div>\n<p>[\/et_pb_text][\/et_pb_column][\/et_pb_row][\/et_pb_section][et_pb_section fb_built=&#8221;1&#8243; theme_builder_area=&#8221;post_content&#8221; _builder_version=&#8221;4.27.4&#8243; _module_preset=&#8221;default&#8221; global_module=&#8221;4765&#8243; saved_tabs=&#8221;all&#8221;][et_pb_row _builder_version=&#8221;4.27.4&#8243; _module_preset=&#8221;default&#8221; theme_builder_area=&#8221;post_content&#8221;][et_pb_column _builder_version=&#8221;4.27.4&#8243; _module_preset=&#8221;default&#8221; type=&#8221;4_4&#8243; theme_builder_area=&#8221;post_content&#8221;][et_pb_text _builder_version=&#8221;4.27.4&#8243; _module_preset=&#8221;default&#8221; hover_enabled=&#8221;0&#8243; sticky_enabled=&#8221;0&#8243; theme_builder_area=&#8221;post_content&#8221;]<\/p>\n<h3>Agendas<\/h3>\n<p>[\/et_pb_text][et_pb_button button_url=&#8221;https:\/\/leafbiodiversity.eu\/wp-content\/uploads\/2025\/02\/03-Agenda-Link-Group.pdf&#8221; button_text=&#8221;Agenda Link Group&#8221; button_alignment=&#8221;left&#8221; _builder_version=&#8221;4.27.4&#8243; _module_preset=&#8221;default&#8221; hover_enabled=&#8221;0&#8243; global_colors_info=&#8221;{}&#8221; sticky_enabled=&#8221;0&#8243; theme_builder_area=&#8221;post_content&#8221;][\/et_pb_button][et_pb_button button_url=&#8221;https:\/\/leafbiodiversity.eu\/wp-content\/uploads\/2025\/02\/04-Agenda-Conference-HR.pdf&#8221; button_text=&#8221;Agenda Conference HR&#8221; button_alignment=&#8221;left&#8221; _builder_version=&#8221;4.27.4&#8243; _module_preset=&#8221;default&#8221; hover_enabled=&#8221;0&#8243; global_colors_info=&#8221;{}&#8221; sticky_enabled=&#8221;0&#8243; theme_builder_area=&#8221;post_content&#8221;][\/et_pb_button][et_pb_button button_url=&#8221;https:\/\/leafbiodiversity.eu\/wp-content\/uploads\/2025\/02\/05-Agenda-Conference-GR.pdf&#8221; button_text=&#8221;Agenda Conference GR&#8221; button_alignment=&#8221;left&#8221; _builder_version=&#8221;4.27.4&#8243; _module_preset=&#8221;default&#8221; hover_enabled=&#8221;0&#8243; global_colors_info=&#8221;{}&#8221; sticky_enabled=&#8221;0&#8243; theme_builder_area=&#8221;post_content&#8221;][\/et_pb_button][et_pb_button button_url=&#8221;https:\/\/leafbiodiversity.eu\/wp-content\/uploads\/2025\/02\/02-LEAF_Agenda-Conference_ITA.pdf&#8221; button_text=&#8221;LEAF Agenda Conference ITA&#8221; button_alignment=&#8221;left&#8221; _builder_version=&#8221;4.27.4&#8243; _module_preset=&#8221;default&#8221; hover_enabled=&#8221;0&#8243; global_colors_info=&#8221;{}&#8221; sticky_enabled=&#8221;0&#8243; theme_builder_area=&#8221;post_content&#8221;][\/et_pb_button][et_pb_button button_url=&#8221;https:\/\/leafbiodiversity.eu\/wp-content\/uploads\/2025\/02\/01-Agenda-Conference-RO.pdf&#8221; button_text=&#8221;Agenda Conference RO&#8221; button_alignment=&#8221;left&#8221; _builder_version=&#8221;4.27.4&#8243; _module_preset=&#8221;default&#8221; hover_enabled=&#8221;0&#8243; global_colors_info=&#8221;{}&#8221; sticky_enabled=&#8221;0&#8243; theme_builder_area=&#8221;post_content&#8221;][\/et_pb_button][\/et_pb_column][\/et_pb_row][et_pb_row _builder_version=&#8221;4.27.4&#8243; _module_preset=&#8221;default&#8221; theme_builder_area=&#8221;post_content&#8221;][et_pb_column _builder_version=&#8221;4.27.4&#8243; _module_preset=&#8221;default&#8221; type=&#8221;4_4&#8243; theme_builder_area=&#8221;post_content&#8221;][et_pb_text _builder_version=&#8221;4.27.4&#8243; _module_preset=&#8221;default&#8221; hover_enabled=&#8221;0&#8243; sticky_enabled=&#8221;0&#8243; theme_builder_area=&#8221;post_content&#8221;]<\/p>\n<h3>Poster<\/h3>\n<p>[\/et_pb_text][et_pb_button button_url=&#8221;https:\/\/leafbiodiversity.eu\/wp-content\/uploads\/2025\/02\/05-FINAL-CONFERENCE-CROATIA-1.pdf&#8221; button_text=&#8221;FINAL CONFERENCE &#8211; CROATIA&#8221; button_alignment=&#8221;left&#8221; _builder_version=&#8221;4.27.4&#8243; _module_preset=&#8221;default&#8221; global_colors_info=&#8221;{}&#8221; theme_builder_area=&#8221;post_content&#8221; hover_enabled=&#8221;0&#8243; sticky_enabled=&#8221;0&#8243;][\/et_pb_button][et_pb_button button_url=&#8221;https:\/\/leafbiodiversity.eu\/wp-content\/uploads\/2025\/02\/03-ENERGIES2050-France_2024-11-30_Final-Conference_Jour1-2.pdf&#8221; button_text=&#8221;ENERGIES 2050 France Final Conference Jour&#8221; button_alignment=&#8221;left&#8221; _builder_version=&#8221;4.27.4&#8243; _module_preset=&#8221;default&#8221; global_colors_info=&#8221;{}&#8221; theme_builder_area=&#8221;post_content&#8221; hover_enabled=&#8221;0&#8243; sticky_enabled=&#8221;0&#8243;][\/et_pb_button][et_pb_button button_url=&#8221;https:\/\/leafbiodiversity.eu\/wp-content\/uploads\/2025\/02\/03-ENERGIES2050-France_2024-11-30_Final-Conference_Jour1-2.pdf&#8221; button_text=&#8221;ENERGIES 2050 France Final Conference Jour1 &#8221; button_alignment=&#8221;left&#8221; _builder_version=&#8221;4.27.4&#8243; _module_preset=&#8221;default&#8221; global_colors_info=&#8221;{}&#8221; theme_builder_area=&#8221;post_content&#8221; hover_enabled=&#8221;0&#8243; sticky_enabled=&#8221;0&#8243;][\/et_pb_button][et_pb_button button_url=&#8221;https:\/\/leafbiodiversity.eu\/wp-content\/uploads\/2025\/02\/01-FINAL-CONFERENCE-\u2013-ROMANIA.pdf&#8221; button_text=&#8221;FINAL CONFERENCE \u2013 ROMANIA&#8221; button_alignment=&#8221;left&#8221; _builder_version=&#8221;4.27.4&#8243; _module_preset=&#8221;default&#8221; global_colors_info=&#8221;{}&#8221; theme_builder_area=&#8221;post_content&#8221; hover_enabled=&#8221;0&#8243; sticky_enabled=&#8221;0&#8243;][\/et_pb_button][et_pb_button button_url=&#8221;https:\/\/leafbiodiversity.eu\/wp-content\/uploads\/2025\/02\/04-FINAL-CONFERENCE-\u2013-SERBIA.pdf&#8221; button_text=&#8221;FINAL CONFERENCE \u2013 SERBIA&#8221; button_alignment=&#8221;left&#8221; _builder_version=&#8221;4.27.4&#8243; _module_preset=&#8221;default&#8221; global_colors_info=&#8221;{}&#8221; theme_builder_area=&#8221;post_content&#8221; hover_enabled=&#8221;0&#8243; sticky_enabled=&#8221;0&#8243;][\/et_pb_button][\/et_pb_column][\/et_pb_row][et_pb_row _builder_version=&#8221;4.27.4&#8243; _module_preset=&#8221;default&#8221; theme_builder_area=&#8221;post_content&#8221;][et_pb_column _builder_version=&#8221;4.27.4&#8243; _module_preset=&#8221;default&#8221; type=&#8221;4_4&#8243; theme_builder_area=&#8221;post_content&#8221;][et_pb_text _builder_version=&#8221;4.27.4&#8243; _module_preset=&#8221;default&#8221; hover_enabled=&#8221;0&#8243; sticky_enabled=&#8221;0&#8243; theme_builder_area=&#8221;post_content&#8221;]<\/p>\n<h3>Presentations<\/h3>\n<p>[\/et_pb_text][et_pb_button button_url=&#8221;https:\/\/leafbiodiversity.eu\/wp-content\/uploads\/2025\/02\/CRO1-LEAF-Multiplier-event-prez-1-1.pdf&#8221; button_text=&#8221;CRO1 LEAF &#8211; Multiplier event &#8211; prez 1&#8243; button_alignment=&#8221;left&#8221; _builder_version=&#8221;4.27.4&#8243; _module_preset=&#8221;default&#8221; global_colors_info=&#8221;{}&#8221; theme_builder_area=&#8221;post_content&#8221; hover_enabled=&#8221;0&#8243; sticky_enabled=&#8221;0&#8243;][\/et_pb_button][et_pb_button button_url=&#8221;https:\/\/leafbiodiversity.eu\/wp-content\/uploads\/2025\/02\/CRO2-LEAF-Multiplier-event-prez-2-1.pdf&#8221; button_text=&#8221;CRO2 LEAF &#8211; Multiplier event &#8211; prez 2&#8243; button_alignment=&#8221;left&#8221; _builder_version=&#8221;4.27.4&#8243; _module_preset=&#8221;default&#8221; global_colors_info=&#8221;{}&#8221; theme_builder_area=&#8221;post_content&#8221; hover_enabled=&#8221;0&#8243; sticky_enabled=&#8221;0&#8243;][\/et_pb_button][et_pb_button button_url=&#8221;https:\/\/leafbiodiversity.eu\/wp-content\/uploads\/2025\/02\/FR-1_ENERGIES2050_Final-conference_LEAF-presentation.pdf&#8221; button_text=&#8221;FR-1_ENERGIES2050_Final-conference_LEAF-presentation&#8221; button_alignment=&#8221;left&#8221; _builder_version=&#8221;4.27.4&#8243; _module_preset=&#8221;default&#8221; global_colors_info=&#8221;{}&#8221; theme_builder_area=&#8221;post_content&#8221; hover_enabled=&#8221;0&#8243; sticky_enabled=&#8221;0&#8243;][\/et_pb_button][et_pb_button button_url=&#8221;https:\/\/leafbiodiversity.eu\/wp-content\/uploads\/2025\/02\/FR-2_ENERGIES2050_Final-conference_LEAF-presentation-handbook.pdf&#8221; button_text=&#8221;FR-2_ENERGIES2050_Final-conference_LEAF-presentation-handbook&#8221; button_alignment=&#8221;left&#8221; _builder_version=&#8221;4.27.4&#8243; _module_preset=&#8221;default&#8221; global_colors_info=&#8221;{}&#8221; theme_builder_area=&#8221;post_content&#8221; hover_enabled=&#8221;0&#8243; sticky_enabled=&#8221;0&#8243;][\/et_pb_button][et_pb_button button_url=&#8221;https:\/\/leafbiodiversity.eu\/wp-content\/uploads\/2025\/02\/FR-3_ENERGIES2050_Final-conference_LEAF_Climate-change-and-urban-biodiversity.pdf&#8221; button_text=&#8221;FR-3_ENERGIES2050_Final-conference_LEAF_Climate change and urban biodiversity&#8221; button_alignment=&#8221;left&#8221; _builder_version=&#8221;4.27.4&#8243; _module_preset=&#8221;default&#8221; global_colors_info=&#8221;{}&#8221; theme_builder_area=&#8221;post_content&#8221; hover_enabled=&#8221;0&#8243; sticky_enabled=&#8221;0&#8243;][\/et_pb_button][et_pb_button button_url=&#8221;https:\/\/leafbiodiversity.eu\/wp-content\/uploads\/2025\/02\/GR-conference-presentation-English-version.pdf&#8221; button_text=&#8221;GR conference presentation English version&#8221; button_alignment=&#8221;left&#8221; _builder_version=&#8221;4.27.4&#8243; _module_preset=&#8221;default&#8221; global_colors_info=&#8221;{}&#8221; theme_builder_area=&#8221;post_content&#8221; hover_enabled=&#8221;0&#8243; sticky_enabled=&#8221;0&#8243;][\/et_pb_button][et_pb_button button_url=&#8221;https:\/\/leafbiodiversity.eu\/wp-content\/uploads\/2025\/02\/LEAF_final-conference_leaf-academy-presentation_ITA.pdf&#8221; button_text=&#8221;LEAF_final conference_leaf academy presentation_ITA&#8221; button_alignment=&#8221;left&#8221; _builder_version=&#8221;4.27.4&#8243; _module_preset=&#8221;default&#8221; global_colors_info=&#8221;{}&#8221; theme_builder_area=&#8221;post_content&#8221; hover_enabled=&#8221;0&#8243; sticky_enabled=&#8221;0&#8243;][\/et_pb_button][et_pb_button button_url=&#8221;https:\/\/leafbiodiversity.eu\/wp-content\/uploads\/2025\/02\/LEAF_final-conference_module-6_ppt_ITA.pdf&#8221; button_text=&#8221;LEAF_final conference_module 6_ppt_ITA&#8221; button_alignment=&#8221;left&#8221; _builder_version=&#8221;4.27.4&#8243; _module_preset=&#8221;default&#8221; global_colors_info=&#8221;{}&#8221; theme_builder_area=&#8221;post_content&#8221; hover_enabled=&#8221;0&#8243; sticky_enabled=&#8221;0&#8243;][\/et_pb_button][et_pb_button button_url=&#8221;https:\/\/leafbiodiversity.eu\/wp-content\/uploads\/2025\/02\/RO_CNME_Iurea_ppt_conference.pdf&#8221; button_text=&#8221;RO_CNME_Iurea_ppt_conference&#8221; button_alignment=&#8221;left&#8221; _builder_version=&#8221;4.27.4&#8243; _module_preset=&#8221;default&#8221; global_colors_info=&#8221;{}&#8221; theme_builder_area=&#8221;post_content&#8221; hover_enabled=&#8221;0&#8243; sticky_enabled=&#8221;0&#8243;][\/et_pb_button][et_pb_button button_url=&#8221;https:\/\/leafbiodiversity.eu\/wp-content\/uploads\/2025\/02\/RO_CNME_MELISCH-conference.pdf&#8221; button_text=&#8221;RO_CNME_MELISCH conference&#8221; button_alignment=&#8221;left&#8221; _builder_version=&#8221;4.27.4&#8243; _module_preset=&#8221;default&#8221; global_colors_info=&#8221;{}&#8221; theme_builder_area=&#8221;post_content&#8221; hover_enabled=&#8221;0&#8243; sticky_enabled=&#8221;0&#8243;][\/et_pb_button][et_pb_button button_url=&#8221;https:\/\/leafbiodiversity.eu\/wp-content\/uploads\/2025\/02\/RO_CNME_ppt_conference_Nasulea.pdf&#8221; button_text=&#8221;RO_CNME_ppt_conference_Nasulea&#8221; button_alignment=&#8221;left&#8221; _builder_version=&#8221;4.27.4&#8243; _module_preset=&#8221;default&#8221; global_colors_info=&#8221;{}&#8221; theme_builder_area=&#8221;post_content&#8221; hover_enabled=&#8221;0&#8243; sticky_enabled=&#8221;0&#8243;][\/et_pb_button][et_pb_button button_url=&#8221;https:\/\/leafbiodiversity.eu\/wp-content\/uploads\/2025\/02\/RO_CNME_ppt_Divisevici_conference.pdf&#8221; button_text=&#8221;RO_CNME_ppt_Divisevici_conference&#8221; button_alignment=&#8221;left&#8221; _builder_version=&#8221;4.27.4&#8243; _module_preset=&#8221;default&#8221; global_colors_info=&#8221;{}&#8221; theme_builder_area=&#8221;post_content&#8221; hover_enabled=&#8221;0&#8243; sticky_enabled=&#8221;0&#8243;][\/et_pb_button][et_pb_button button_url=&#8221;https:\/\/leafbiodiversity.eu\/wp-content\/uploads\/2025\/02\/RO_CNME_ppt_Macarie-conference.pdf&#8221; button_text=&#8221;RO_CNME_ppt_Macarie conference&#8221; button_alignment=&#8221;left&#8221; _builder_version=&#8221;4.27.4&#8243; _module_preset=&#8221;default&#8221; global_colors_info=&#8221;{}&#8221; theme_builder_area=&#8221;post_content&#8221; hover_enabled=&#8221;0&#8243; sticky_enabled=&#8221;0&#8243;][\/et_pb_button][et_pb_button button_url=&#8221;https:\/\/leafbiodiversity.eu\/wp-content\/uploads\/2025\/02\/RO_CNME_ppt_serban-conference.pdf&#8221; button_text=&#8221;RO_CNME_ppt_serban conference&#8221; button_alignment=&#8221;left&#8221; _builder_version=&#8221;4.27.4&#8243; _module_preset=&#8221;default&#8221; global_colors_info=&#8221;{}&#8221; theme_builder_area=&#8221;post_content&#8221; hover_enabled=&#8221;0&#8243; sticky_enabled=&#8221;0&#8243;][\/et_pb_button][et_pb_button button_url=&#8221;https:\/\/leafbiodiversity.eu\/wp-content\/uploads\/2025\/02\/SRB1-All-Activities-of-the-Erasmus-LEAF-Project.pdf&#8221; button_text=&#8221;SRB1 All Activities of the Erasmus LEAF Project&#8221; button_alignment=&#8221;left&#8221; _builder_version=&#8221;4.27.4&#8243; _module_preset=&#8221;default&#8221; global_colors_info=&#8221;{}&#8221; theme_builder_area=&#8221;post_content&#8221; hover_enabled=&#8221;0&#8243; sticky_enabled=&#8221;0&#8243;][\/et_pb_button][et_pb_button button_url=&#8221;https:\/\/leafbiodiversity.eu\/wp-content\/uploads\/2025\/02\/SRB2-Understanding-and-preserving-biodiversity-in-Serbia.pdf&#8221; button_text=&#8221;SRB2 Understanding and preserving biodiversity in Serbia&#8221; button_alignment=&#8221;left&#8221; _builder_version=&#8221;4.27.4&#8243; _module_preset=&#8221;default&#8221; global_colors_info=&#8221;{}&#8221; theme_builder_area=&#8221;post_content&#8221; hover_enabled=&#8221;0&#8243; sticky_enabled=&#8221;0&#8243;][\/et_pb_button][et_pb_button button_url=&#8221;https:\/\/leafbiodiversity.eu\/wp-content\/uploads\/2025\/02\/SRB3-LEAF-Academy-for-Learning.pdf&#8221; button_text=&#8221;SRB3 LEAF Academy for Learning&#8221; button_alignment=&#8221;left&#8221; _builder_version=&#8221;4.27.4&#8243; _module_preset=&#8221;default&#8221; global_colors_info=&#8221;{}&#8221; theme_builder_area=&#8221;post_content&#8221; hover_enabled=&#8221;0&#8243; sticky_enabled=&#8221;0&#8243;][\/et_pb_button][et_pb_button button_url=&#8221;https:\/\/leafbiodiversity.eu\/wp-content\/uploads\/2025\/02\/SRB4-WE-LAB.pdf&#8221; button_text=&#8221;SRB4 WE-LAB&#8221; button_alignment=&#8221;left&#8221; _builder_version=&#8221;4.27.4&#8243; _module_preset=&#8221;default&#8221; global_colors_info=&#8221;{}&#8221; theme_builder_area=&#8221;post_content&#8221; hover_enabled=&#8221;0&#8243; sticky_enabled=&#8221;0&#8243;][\/et_pb_button][\/et_pb_column][\/et_pb_row][et_pb_row _builder_version=&#8221;4.27.4&#8243; _module_preset=&#8221;default&#8221; global_colors_info=&#8221;{}&#8221; theme_builder_area=&#8221;post_content&#8221;][et_pb_column type=&#8221;4_4&#8243; _builder_version=&#8221;4.27.4&#8243; _module_preset=&#8221;default&#8221; global_colors_info=&#8221;{}&#8221; theme_builder_area=&#8221;post_content&#8221;][et_pb_text _builder_version=&#8221;4.27.4&#8243; _module_preset=&#8221;default&#8221; hover_enabled=&#8221;0&#8243; sticky_enabled=&#8221;0&#8243; theme_builder_area=&#8221;post_content&#8221;]<\/p>\n<h3>Video<\/h3>\n<p>[\/et_pb_text][et_pb_button button_url=&#8221;https:\/\/www.youtube.com\/watch?v=bHXTH0Eiq_M&#8221; button_text=&#8221;Climate change and urban biodiversity &#8211; Module 2 on the LEAF Handbook&#8221; button_alignment=&#8221;left&#8221; _builder_version=&#8221;4.27.4&#8243; _module_preset=&#8221;default&#8221; global_colors_info=&#8221;{}&#8221; url_new_window=&#8221;on&#8221; hover_enabled=&#8221;0&#8243; sticky_enabled=&#8221;0&#8243; theme_builder_area=&#8221;post_content&#8221;][\/et_pb_button][et_pb_button button_url=&#8221;https:\/\/www.youtube.com\/watch?v=R0Hjm_bv7Nw&#8221; button_text=&#8221;Video Capsule Leaf project Module 3 Platon Schools GR&#8221; button_alignment=&#8221;left&#8221; _builder_version=&#8221;4.27.4&#8243; _module_preset=&#8221;default&#8221; global_colors_info=&#8221;{}&#8221; url_new_window=&#8221;on&#8221; hover_enabled=&#8221;0&#8243; sticky_enabled=&#8221;0&#8243; theme_builder_area=&#8221;post_content&#8221;][\/et_pb_button][et_pb_button button_url=&#8221;https:\/\/www.youtube.com\/watch?v=2EtFFEU5ZJQ&#8221; button_text=&#8221;LEAF final project Romania&#8221; button_alignment=&#8221;left&#8221; _builder_version=&#8221;4.27.4&#8243; _module_preset=&#8221;default&#8221; global_colors_info=&#8221;{}&#8221; url_new_window=&#8221;on&#8221; hover_enabled=&#8221;0&#8243; sticky_enabled=&#8221;0&#8243; theme_builder_area=&#8221;post_content&#8221;][\/et_pb_button][et_pb_button button_url=&#8221;https:\/\/www.youtube.com\/watch?v=BQ1dXZ6sebo&#8221; button_text=&#8221;06 Link Leaf Serbia&#8221; button_alignment=&#8221;left&#8221; _builder_version=&#8221;4.27.4&#8243; _module_preset=&#8221;default&#8221; global_colors_info=&#8221;{}&#8221; url_new_window=&#8221;on&#8221; hover_enabled=&#8221;0&#8243; sticky_enabled=&#8221;0&#8243; theme_builder_area=&#8221;post_content&#8221;][\/et_pb_button][et_pb_button button_url=&#8221;https:\/\/www.youtube.com\/watch?v=bjkIyLL6bos&#8221; button_text=&#8221;Boosting Digital Skills for Teachers&#8221; button_alignment=&#8221;left&#8221; _builder_version=&#8221;4.27.4&#8243; _module_preset=&#8221;default&#8221; global_colors_info=&#8221;{}&#8221; url_new_window=&#8221;on&#8221; hover_enabled=&#8221;0&#8243; sticky_enabled=&#8221;0&#8243; theme_builder_area=&#8221;post_content&#8221;][\/et_pb_button][et_pb_button button_url=&#8221;https:\/\/www.youtube.com\/watch?v=1un8I_pS_W4&#8243; button_text=&#8221;LEAF Biodiversity: MODULE 7 &#8211; Cooperation with local community (Video Capsule)&#8221; button_alignment=&#8221;left&#8221; _builder_version=&#8221;4.27.4&#8243; _module_preset=&#8221;default&#8221; global_colors_info=&#8221;{}&#8221; url_new_window=&#8221;on&#8221; hover_enabled=&#8221;0&#8243; sticky_enabled=&#8221;0&#8243; theme_builder_area=&#8221;post_content&#8221;][\/et_pb_button][\/et_pb_column][\/et_pb_row][et_pb_row _builder_version=&#8221;4.27.4&#8243; _module_preset=&#8221;default&#8221; global_colors_info=&#8221;{}&#8221; theme_builder_area=&#8221;post_content&#8221;][et_pb_column type=&#8221;4_4&#8243; _builder_version=&#8221;4.27.4&#8243; _module_preset=&#8221;default&#8221; global_colors_info=&#8221;{}&#8221; theme_builder_area=&#8221;post_content&#8221;][et_pb_text _builder_version=&#8221;4.27.4&#8243; _module_preset=&#8221;default&#8221; hover_enabled=&#8221;0&#8243; sticky_enabled=&#8221;0&#8243; theme_builder_area=&#8221;post_content&#8221;]<\/p>\n<h3>Photos<\/h3>\n<p>[\/et_pb_text][et_pb_gallery gallery_ids=&#8221;4099,4106,4113,4120,4127,4134,4141,4148,4155,4162,4169,4176,4183,4190,4197,4204,4211,4218,4225,4411,4418,4425,4432,4439,4446,4453,4460,4467,4474&#8243; posts_number=&#8221;40&#8243; show_title_and_caption=&#8221;off&#8221; _builder_version=&#8221;4.27.4&#8243; _module_preset=&#8221;default&#8221; locked=&#8221;off&#8221; global_colors_info=&#8221;{}&#8221; theme_builder_area=&#8221;post_content&#8221;][\/et_pb_gallery][\/et_pb_column][\/et_pb_row][\/et_pb_section][et_pb_section fb_built=&#8221;1&#8243; admin_label=&#8221;Footer&#8221; _builder_version=&#8221;4.20.4&#8243; _module_preset=&#8221;default&#8221; background_color=&#8221;#E0C588&#8243; background_enable_image=&#8221;off&#8221; background_size=&#8221;contain&#8221; background_position=&#8221;top_center&#8221; custom_padding=&#8221;||2px|||&#8221; background_last_edited=&#8221;on|tablet&#8221; background_size_tablet=&#8221;contain&#8221; background_position_tablet=&#8221;top_center&#8221; saved_tabs=&#8221;all&#8221; collapsed=&#8221;on&#8221; global_colors_info=&#8221;{}&#8221;][et_pb_row column_structure=&#8221;1_3,1_3,1_3&#8243; use_custom_gutter=&#8221;on&#8221; gutter_width=&#8221;2&#8243; _builder_version=&#8221;4.20.0&#8243; _module_preset=&#8221;default&#8221; global_colors_info=&#8221;{}&#8221;][et_pb_column type=&#8221;1_3&#8243; _builder_version=&#8221;4.20.0&#8243; _module_preset=&#8221;default&#8221; custom_padding=&#8221;30px||30px||true|false&#8221; custom_padding_tablet=&#8221;0px||0px||true|false&#8221; custom_padding_phone=&#8221;0px||0px||true|false&#8221; custom_padding_last_edited=&#8221;on|phone&#8221; global_colors_info=&#8221;{}&#8221;][et_pb_image src=&#8221;https:\/\/leafbiodiversity.eu\/wp-content\/uploads\/2024\/06\/eu_co_funded_en-300&#215;63.jpg&#8221; title_text=&#8221;Flag_2colors.eps&#8221; _builder_version=&#8221;4.25.0&#8243; _module_preset=&#8221;default&#8221; global_colors_info=&#8221;{}&#8221;][\/et_pb_image][et_pb_text _builder_version=&#8221;4.21.0&#8243; _module_preset=&#8221;default&#8221; text_font_size=&#8221;12px&#8221; text_line_height=&#8221;1.5em&#8221; global_colors_info=&#8221;{}&#8221;]<\/p>\n<p>&nbsp;<\/p>\n<p><span style=\"font-weight: 400;\"><span>Projekt je financiran uz podr\u0161ku Europske Komisije. This communication reflects the views only of the author, and the Commission cannot be held responsible for any use that may be made of the information contained therein.<\/span><\/span><\/p>\n<p><span style=\"font-weight: 400;\">Projekt br.:2022-1-RO01-KA220-SCH-000086884<\/span><\/p>\n<p>[\/et_pb_text][\/et_pb_column][et_pb_column type=&#8221;1_3&#8243; _builder_version=&#8221;4.20.0&#8243; _module_preset=&#8221;default&#8221; custom_padding=&#8221;30px||30px||true|false&#8221; custom_padding_tablet=&#8221;0px||0px||true|false&#8221; custom_padding_phone=&#8221;0px||0px||true|false&#8221; custom_padding_last_edited=&#8221;on|phone&#8221; global_colors_info=&#8221;{}&#8221;][et_pb_text _builder_version=&#8221;4.20.4&#8243; _module_preset=&#8221;d66abf77-cee8-41a0-a950-711cacee6424&#8243; header_text_align_tablet=&#8221;&#8221; header_text_align_phone=&#8221;&#8221; header_text_align_last_edited=&#8221;on|phone&#8221; header_font_size_tablet=&#8221;&#8221; header_font_size_phone=&#8221;&#8221; header_font_size_last_edited=&#8221;on|phone&#8221; text_orientation_tablet=&#8221;&#8221; text_orientation_phone=&#8221;center&#8221; text_orientation_last_edited=&#8221;on|phone&#8221; locked=&#8221;off&#8221; global_colors_info=&#8221;{}&#8221;]<\/p>\n<h5>Pratite nas:<\/h5>\n<p>[\/et_pb_text][et_pb_social_media_follow icon_color=&#8221;#95AD33&#8243; use_icon_font_size=&#8221;on&#8221; icon_font_size=&#8221;14px&#8221; _builder_version=&#8221;4.26.1&#8243; _module_preset=&#8221;default&#8221; text_orientation=&#8221;left&#8221; text_orientation_tablet=&#8221;center&#8221; text_orientation_phone=&#8221;&#8221; text_orientation_last_edited=&#8221;on|phone&#8221; border_radii=&#8221;on|100px|100px|100px|100px&#8221; global_colors_info=&#8221;{}&#8221;][et_pb_social_media_follow_network social_network=&#8221;facebook&#8221; url=&#8221;https:\/\/www.facebook.com\/leafbiodiversity&#8221; _builder_version=&#8221;4.26.1&#8243; _module_preset=&#8221;default&#8221; background_color=&#8221;#EFE8D7&#8243; background_enable_color=&#8221;on&#8221; custom_padding=&#8221;4px|4px|4px|4px|true|true&#8221; global_colors_info=&#8221;{}&#8221; follow_button=&#8221;off&#8221; url_new_window=&#8221;on&#8221;]facebook[\/et_pb_social_media_follow_network][et_pb_social_media_follow_network social_network=&#8221;instagram&#8221; url=&#8221;https:\/\/www.instagram.com\/leafbiodiversity&#8221; _builder_version=&#8221;4.26.1&#8243; _module_preset=&#8221;default&#8221; background_color=&#8221;#EFE8D7&#8243; background_enable_color=&#8221;on&#8221; custom_padding=&#8221;4px|4px|4px|4px|true|true&#8221; global_colors_info=&#8221;{%22gcid-cc1e7daa-e7a2-44d1-a6d4-86221a549f5c%22:%91%22background_color%22,%22background_color%22%93}&#8221; follow_button=&#8221;off&#8221; url_new_window=&#8221;on&#8221;]instagram[\/et_pb_social_media_follow_network][\/et_pb_social_media_follow][\/et_pb_column][et_pb_column type=&#8221;1_3&#8243; _builder_version=&#8221;4.20.0&#8243; _module_preset=&#8221;default&#8221; custom_padding=&#8221;30px||30px||true|false&#8221; custom_padding_tablet=&#8221;&#8221; custom_padding_phone=&#8221;0px||0px||true|false&#8221; custom_padding_last_edited=&#8221;on|phone&#8221; global_colors_info=&#8221;{}&#8221;][et_pb_text _builder_version=&#8221;4.20.4&#8243; _module_preset=&#8221;d66abf77-cee8-41a0-a950-711cacee6424&#8243; header_5_font_size_tablet=&#8221;&#8221; header_5_font_size_phone=&#8221;&#8221; header_5_font_size_last_edited=&#8221;on|phone&#8221; locked=&#8221;off&#8221; global_colors_info=&#8221;{}&#8221;]<\/p>\n<h5>Kontakt:<\/h5>\n<p>[\/et_pb_text][et_pb_blurb title=&#8221;daniela.melisch@cneminescu.ro&#8221; url=&#8221;mailto:daniela.melisch@cneminescu.ro&#8221; use_icon=&#8221;on&#8221; font_icon=&#8221;&#xe010;||divi||400&#8243; icon_color=&#8221;#95AD33&#8243; image_icon_background_color=&#8221;#EFE8D7&#8243; icon_placement=&#8221;left&#8221; image_icon_width=&#8221;20px&#8221; _builder_version=&#8221;4.26.1&#8243; _module_preset=&#8221;default&#8221; header_line_height=&#8221;2em&#8221; image_icon_custom_padding=&#8221;8px|8px|8px|8px|true|true&#8221; link_option_url=&#8221;mailto:daniela.melisch@cneminescu.ro&#8221; border_radii_image=&#8221;on|33px|33px|33px|33px&#8221; global_colors_info=&#8221;{}&#8221;][\/et_pb_blurb][\/et_pb_column][\/et_pb_row][et_pb_row column_structure=&#8221;1_5,3_5,1_5&#8243; _builder_version=&#8221;4.20.0&#8243; _module_preset=&#8221;default&#8221; border_color_all=&#8221;rgba(94,94,78,0.2)&#8221; border_width_top=&#8221;1px&#8221; global_colors_info=&#8221;{}&#8221;][et_pb_column type=&#8221;1_5&#8243; _builder_version=&#8221;4.20.0&#8243; _module_preset=&#8221;default&#8221; global_colors_info=&#8221;{}&#8221;][\/et_pb_column][et_pb_column type=&#8221;3_5&#8243; _builder_version=&#8221;4.20.0&#8243; _module_preset=&#8221;default&#8221; custom_padding=&#8221;16px||||false|false&#8221; custom_padding_tablet=&#8221;0px||||false|false&#8221; custom_padding_phone=&#8221;&#8221; custom_padding_last_edited=&#8221;on|tablet&#8221; global_colors_info=&#8221;{}&#8221;][et_pb_text _builder_version=&#8221;4.20.4&#8243; _module_preset=&#8221;default&#8221; text_font=&#8221;|700|||||||&#8221; text_font_size=&#8221;13px&#8221; link_text_color=&#8221;#95AD33&#8243; text_orientation=&#8221;center&#8221; global_colors_info=&#8221;{}&#8221;]<\/p>\n<p>Developed by <a href=\"https:\/\/ignis.hr\" target=\"_blank\" rel=\"noopener\">IGNIS<\/a><\/p>\n<p>[\/et_pb_text][\/et_pb_column][et_pb_column type=&#8221;1_5&#8243; _builder_version=&#8221;4.20.0&#8243; _module_preset=&#8221;default&#8221; custom_padding=&#8221;6px||||false|false&#8221; custom_padding_tablet=&#8221;0px||||false|false&#8221; custom_padding_phone=&#8221;&#8221; custom_padding_last_edited=&#8221;on|tablet&#8221; global_colors_info=&#8221;{}&#8221;][\/et_pb_column][\/et_pb_row][\/et_pb_section]<\/p>\n","protected":false},"excerpt":{"rendered":"<p>FINALNA KONFERENCIJA Partneri su uspje\u0161no odr\u017eali svoje zavr\u0161ne konferencije u svojim zemljama, gdje su predstavili projekt LEAF, podijelili dosada\u0161njapostignu\u0107a i prikazali materijale razvijene tijekom projekta. Ove zavr\u0161ne konferencije, koje je organizirao svaki partner, bile su klju\u010dni doga\u0111aji za sa\u017eetak napretka projekta, isticanje va\u017enih uvida i raspravu o budu\u0107em smjeru na\u0161ih zajedni\u010dkih napora. Obilje\u017eili su zna\u010dajan [&hellip;]<\/p>\n","protected":false},"author":1,"featured_media":0,"parent":1319,"menu_order":0,"comment_status":"closed","ping_status":"closed","template":"","meta":{"_et_pb_use_builder":"on","_et_pb_old_content":"","_et_gb_content_width":"","footnotes":""},"class_list":["post-3212","page","type-page","status-publish","hentry"],"_links":{"self":[{"href":"https:\/\/leafbiodiversity.eu\/hr\/wp-json\/wp\/v2\/pages\/3212","targetHints":{"allow":["GET"]}}],"collection":[{"href":"https:\/\/leafbiodiversity.eu\/hr\/wp-json\/wp\/v2\/pages"}],"about":[{"href":"https:\/\/leafbiodiversity.eu\/hr\/wp-json\/wp\/v2\/types\/page"}],"author":[{"embeddable":true,"href":"https:\/\/leafbiodiversity.eu\/hr\/wp-json\/wp\/v2\/users\/1"}],"replies":[{"embeddable":true,"href":"https:\/\/leafbiodiversity.eu\/hr\/wp-json\/wp\/v2\/comments?post=3212"}],"version-history":[{"count":16,"href":"https:\/\/leafbiodiversity.eu\/hr\/wp-json\/wp\/v2\/pages\/3212\/revisions"}],"predecessor-version":[{"id":4766,"href":"https:\/\/leafbiodiversity.eu\/hr\/wp-json\/wp\/v2\/pages\/3212\/revisions\/4766"}],"up":[{"embeddable":true,"href":"https:\/\/leafbiodiversity.eu\/hr\/wp-json\/wp\/v2\/pages\/1319"}],"wp:attachment":[{"href":"https:\/\/leafbiodiversity.eu\/hr\/wp-json\/wp\/v2\/media?parent=3212"}],"curies":[{"name":"wp","href":"https:\/\/api.w.org\/{rel}","templated":true}]}}