{"id":3211,"date":"2024-08-19T13:52:54","date_gmt":"2024-08-19T13:52:54","guid":{"rendered":"https:\/\/leafbiodiversity.eu\/?page_id=3211"},"modified":"2025-02-19T07:43:52","modified_gmt":"2025-02-19T07:43:52","slug":"conference-finale","status":"publish","type":"page","link":"https:\/\/leafbiodiversity.eu\/fr\/resultats\/conference-finale\/","title":{"rendered":"CONF\u00c9RENCE FINALE"},"content":{"rendered":"<p>[et_pb_section fb_built=\u00a0\u00bb1&Prime; _builder_version=\u00a0\u00bb4.20.4&Prime; _module_preset=\u00a0\u00bbdefault\u00a0\u00bb global_colors_info=\u00a0\u00bb{}\u00a0\u00bb][et_pb_row _builder_version=\u00a0\u00bb4.20.4&Prime; _module_preset=\u00a0\u00bbdefault\u00a0\u00bb global_colors_info=\u00a0\u00bb{}\u00a0\u00bb][et_pb_column type=\u00a0\u00bb4_4&Prime; _builder_version=\u00a0\u00bb4.20.4&Prime; _module_preset=\u00a0\u00bbdefault\u00a0\u00bb global_colors_info=\u00a0\u00bb{}\u00a0\u00bb][et_pb_text _builder_version=\u00a0\u00bb4.26.1&Prime; _module_preset=\u00a0\u00bbdefault\u00a0\u00bb global_colors_info=\u00a0\u00bb{}\u00a0\u00bb]<\/p>\n<h1 style=\"text-align: center;\"><b>CONF\u00c9RENCE FINALE<\/b><\/h1>\n<p>[\/et_pb_text][et_pb_image src=\u00a0\u00bbhttps:\/\/leafbiodiversity.eu\/wp-content\/uploads\/2024\/08\/FINAL-CONFERENCE.jpg\u00a0\u00bb title_text=\u00a0\u00bbCONF\u00c9RENCE FINALE\u00a0\u00bb align=\u00a0\u00bbcenter\u00a0\u00bb _builder_version=\u00a0\u00bb4.26.1&Prime; _module_preset=\u00a0\u00bbdefault\u00a0\u00bb global_colors_info=\u00a0\u00bb{}\u00a0\u00bb][\/et_pb_image][\/et_pb_column][\/et_pb_row][et_pb_row _builder_version=\u00a0\u00bb4.27.4&Prime; _module_preset=\u00a0\u00bbdefault\u00a0\u00bb locked=\u00a0\u00bboff\u00a0\u00bb global_colors_info=\u00a0\u00bb{}\u00a0\u00bb][et_pb_column type=\u00a0\u00bb4_4&Prime; _builder_version=\u00a0\u00bb4.27.4&Prime; _module_preset=\u00a0\u00bbdefault\u00a0\u00bb global_colors_info=\u00a0\u00bb{}\u00a0\u00bb][et_pb_text _builder_version=\u00a0\u00bb4.27.4&Prime; _module_preset=\u00a0\u00bbdefault\u00a0\u00bb global_colors_info=\u00a0\u00bb{}\u00a0\u00bb]<\/p>\n<div>Les partenaires ont tenu avec succ\u00e8s leurs conf\u00e9rences finales dans leurs pays respectifs, o\u00f9 ils ont pr\u00e9sent\u00e9 le projet LEAF, partag\u00e9<br \/>les r\u00e9alisations \u00e0 ce jour et pr\u00e9sent\u00e9 les documents d\u00e9velopp\u00e9s tout au long du projet.<br \/>Ces conf\u00e9rences finales, organis\u00e9es par chaque partenaire, ont \u00e9t\u00e9 des \u00e9v\u00e9nements cl\u00e9s pour r\u00e9sumer les progr\u00e8s du projet, mettre en \u00e9vidence les id\u00e9es importantes et discuter de l&rsquo;orientation future de nos efforts de collaboration. Elles ont marqu\u00e9 un moment important du parcours, offrant l&rsquo;occasion de pr\u00e9senter les r\u00e9sultats pr\u00e9liminaires, d&rsquo;\u00e9changer des exp\u00e9riences et de dialoguer avec les parties prenantes.<br \/>Au total, six conf\u00e9rences finales nationales ont \u00e9t\u00e9 organis\u00e9es dans les pays partenaires, attirant environ 180 participants. Les partenaires ont travaill\u00e9 ensemble pour s&rsquo;assurer qu&rsquo;un large public soit atteint, en impliquant autant de parties prenantes que possible dans chaque aspect du projet.<\/div>\n<div><\/div>\n<p>[\/et_pb_text][\/et_pb_column][\/et_pb_row][\/et_pb_section][et_pb_section fb_built=\u00a0\u00bb1&Prime; _builder_version=\u00a0\u00bb4.27.4&Prime; _module_preset=\u00a0\u00bbdefault\u00a0\u00bb saved_tabs=\u00a0\u00bball\u00a0\u00bb locked=\u00a0\u00bboff\u00a0\u00bb global_colors_info=\u00a0\u00bb{}\u00a0\u00bb][et_pb_row _builder_version=\u00a0\u00bb4.27.4&Prime; _module_preset=\u00a0\u00bbdefault\u00a0\u00bb global_colors_info=\u00a0\u00bb{}\u00a0\u00bb][et_pb_column type=\u00a0\u00bb4_4&Prime; _builder_version=\u00a0\u00bb4.27.4&Prime; _module_preset=\u00a0\u00bbdefault\u00a0\u00bb global_colors_info=\u00a0\u00bb{}\u00a0\u00bb][et_pb_text _builder_version=\u00a0\u00bb4.27.4&Prime; _module_preset=\u00a0\u00bbdefault\u00a0\u00bb global_colors_info=\u00a0\u00bb{}\u00a0\u00bb]<\/p>\n<h3>Agendas<\/h3>\n<p>[\/et_pb_text][et_pb_button button_url=\u00a0\u00bbhttps:\/\/leafbiodiversity.eu\/wp-content\/uploads\/2025\/02\/03-Agenda-Link-Group.pdf\u00a0\u00bb button_text=\u00a0\u00bbAgenda Link Group\u00a0\u00bb button_alignment=\u00a0\u00bbleft\u00a0\u00bb _builder_version=\u00a0\u00bb4.27.4&Prime; _module_preset=\u00a0\u00bbdefault\u00a0\u00bb global_colors_info=\u00a0\u00bb{}\u00a0\u00bb][\/et_pb_button][et_pb_button button_url=\u00a0\u00bbhttps:\/\/leafbiodiversity.eu\/wp-content\/uploads\/2025\/02\/04-Agenda-Conference-HR.pdf\u00a0\u00bb button_text=\u00a0\u00bbAgenda Conference HR\u00a0\u00bb button_alignment=\u00a0\u00bbleft\u00a0\u00bb _builder_version=\u00a0\u00bb4.27.4&Prime; _module_preset=\u00a0\u00bbdefault\u00a0\u00bb global_colors_info=\u00a0\u00bb{}\u00a0\u00bb][\/et_pb_button][et_pb_button button_url=\u00a0\u00bbhttps:\/\/leafbiodiversity.eu\/wp-content\/uploads\/2025\/02\/05-Agenda-Conference-GR.pdf\u00a0\u00bb button_text=\u00a0\u00bbAgenda Conference GR\u00a0\u00bb button_alignment=\u00a0\u00bbleft\u00a0\u00bb _builder_version=\u00a0\u00bb4.27.4&Prime; _module_preset=\u00a0\u00bbdefault\u00a0\u00bb global_colors_info=\u00a0\u00bb{}\u00a0\u00bb][\/et_pb_button][et_pb_button button_url=\u00a0\u00bbhttps:\/\/leafbiodiversity.eu\/wp-content\/uploads\/2025\/02\/02-LEAF_Agenda-Conference_ITA.pdf\u00a0\u00bb button_text=\u00a0\u00bbLEAF Agenda Conference ITA\u00a0\u00bb button_alignment=\u00a0\u00bbleft\u00a0\u00bb _builder_version=\u00a0\u00bb4.27.4&Prime; _module_preset=\u00a0\u00bbdefault\u00a0\u00bb global_colors_info=\u00a0\u00bb{}\u00a0\u00bb][\/et_pb_button][et_pb_button button_url=\u00a0\u00bbhttps:\/\/leafbiodiversity.eu\/wp-content\/uploads\/2025\/02\/01-Agenda-Conference-RO.pdf\u00a0\u00bb button_text=\u00a0\u00bbAgenda Conference RO\u00a0\u00bb button_alignment=\u00a0\u00bbleft\u00a0\u00bb _builder_version=\u00a0\u00bb4.27.4&Prime; _module_preset=\u00a0\u00bbdefault\u00a0\u00bb global_colors_info=\u00a0\u00bb{}\u00a0\u00bb][\/et_pb_button][\/et_pb_column][\/et_pb_row][et_pb_row _builder_version=\u00a0\u00bb4.27.4&Prime; _module_preset=\u00a0\u00bbdefault\u00a0\u00bb global_colors_info=\u00a0\u00bb{}\u00a0\u00bb][et_pb_column type=\u00a0\u00bb4_4&Prime; _builder_version=\u00a0\u00bb4.27.4&Prime; _module_preset=\u00a0\u00bbdefault\u00a0\u00bb global_colors_info=\u00a0\u00bb{}\u00a0\u00bb][et_pb_text _builder_version=\u00a0\u00bb4.27.4&Prime; _module_preset=\u00a0\u00bbdefault\u00a0\u00bb global_colors_info=\u00a0\u00bb{}\u00a0\u00bb]<\/p>\n<h3>Poster<\/h3>\n<p>[\/et_pb_text][et_pb_button button_url=\u00a0\u00bbhttps:\/\/leafbiodiversity.eu\/wp-content\/uploads\/2025\/02\/05-FINAL-CONFERENCE-CROATIA-1.pdf\u00a0\u00bb button_text=\u00a0\u00bbFINAL CONFERENCE &#8211; CROATIA\u00a0\u00bb button_alignment=\u00a0\u00bbleft\u00a0\u00bb _builder_version=\u00a0\u00bb4.27.4&Prime; _module_preset=\u00a0\u00bbdefault\u00a0\u00bb global_colors_info=\u00a0\u00bb{}\u00a0\u00bb][\/et_pb_button][et_pb_button button_url=\u00a0\u00bbhttps:\/\/leafbiodiversity.eu\/wp-content\/uploads\/2025\/02\/ENERGIES2050-France_Programme-Poster_Day1-1.pdf\u00a0\u00bb button_text=\u00a0\u00bbENERGIES 2050 FR Programme Poster Day1&Prime; button_alignment=\u00a0\u00bbleft\u00a0\u00bb _builder_version=\u00a0\u00bb4.27.4&Prime; _module_preset=\u00a0\u00bbdefault\u00a0\u00bb hover_enabled=\u00a0\u00bb0&Prime; global_colors_info=\u00a0\u00bb{}\u00a0\u00bb sticky_enabled=\u00a0\u00bb0&Prime;][\/et_pb_button][et_pb_button button_url=\u00a0\u00bbhttps:\/\/leafbiodiversity.eu\/wp-content\/uploads\/2025\/02\/ENERGIES2050-France_Programme-Poster_Day2.pdf\u00a0\u00bb button_text=\u00a0\u00bbENERGIES 2050 FR Programme Poster Day2&Prime; button_alignment=\u00a0\u00bbleft\u00a0\u00bb _builder_version=\u00a0\u00bb4.27.4&Prime; _module_preset=\u00a0\u00bbdefault\u00a0\u00bb hover_enabled=\u00a0\u00bb0&Prime; global_colors_info=\u00a0\u00bb{}\u00a0\u00bb sticky_enabled=\u00a0\u00bb0&Prime;][\/et_pb_button][et_pb_button button_url=\u00a0\u00bbhttps:\/\/leafbiodiversity.eu\/wp-content\/uploads\/2025\/02\/01-FINAL-CONFERENCE-\u2013-ROMANIA.pdf\u00a0\u00bb button_text=\u00a0\u00bbFINAL CONFERENCE \u2013 ROMANIA\u00a0\u00bb button_alignment=\u00a0\u00bbleft\u00a0\u00bb _builder_version=\u00a0\u00bb4.27.4&Prime; _module_preset=\u00a0\u00bbdefault\u00a0\u00bb global_colors_info=\u00a0\u00bb{}\u00a0\u00bb][\/et_pb_button][et_pb_button button_url=\u00a0\u00bbhttps:\/\/leafbiodiversity.eu\/wp-content\/uploads\/2025\/02\/04-FINAL-CONFERENCE-\u2013-SERBIA.pdf\u00a0\u00bb button_text=\u00a0\u00bbFINAL CONFERENCE \u2013 SERBIA\u00a0\u00bb button_alignment=\u00a0\u00bbleft\u00a0\u00bb _builder_version=\u00a0\u00bb4.27.4&Prime; _module_preset=\u00a0\u00bbdefault\u00a0\u00bb global_colors_info=\u00a0\u00bb{}\u00a0\u00bb][\/et_pb_button][\/et_pb_column][\/et_pb_row][et_pb_row _builder_version=\u00a0\u00bb4.27.4&Prime; _module_preset=\u00a0\u00bbdefault\u00a0\u00bb global_colors_info=\u00a0\u00bb{}\u00a0\u00bb][et_pb_column type=\u00a0\u00bb4_4&Prime; _builder_version=\u00a0\u00bb4.27.4&Prime; _module_preset=\u00a0\u00bbdefault\u00a0\u00bb global_colors_info=\u00a0\u00bb{}\u00a0\u00bb][et_pb_text _builder_version=\u00a0\u00bb4.27.4&Prime; _module_preset=\u00a0\u00bbdefault\u00a0\u00bb global_colors_info=\u00a0\u00bb{}\u00a0\u00bb]<\/p>\n<h3>Presentations<\/h3>\n<p>[\/et_pb_text][et_pb_button button_url=\u00a0\u00bbhttps:\/\/leafbiodiversity.eu\/wp-content\/uploads\/2025\/02\/CRO1-LEAF-Multiplier-event-prez-1-1.pdf\u00a0\u00bb button_text=\u00a0\u00bbCRO1 LEAF &#8211; Multiplier event &#8211; prez 1&Prime; button_alignment=\u00a0\u00bbleft\u00a0\u00bb _builder_version=\u00a0\u00bb4.27.4&Prime; _module_preset=\u00a0\u00bbdefault\u00a0\u00bb global_colors_info=\u00a0\u00bb{}\u00a0\u00bb][\/et_pb_button][et_pb_button button_url=\u00a0\u00bbhttps:\/\/leafbiodiversity.eu\/wp-content\/uploads\/2025\/02\/CRO2-LEAF-Multiplier-event-prez-2-1.pdf\u00a0\u00bb button_text=\u00a0\u00bbCRO2 LEAF &#8211; Multiplier event &#8211; prez 2&Prime; button_alignment=\u00a0\u00bbleft\u00a0\u00bb _builder_version=\u00a0\u00bb4.27.4&Prime; _module_preset=\u00a0\u00bbdefault\u00a0\u00bb global_colors_info=\u00a0\u00bb{}\u00a0\u00bb][\/et_pb_button][et_pb_button button_url=\u00a0\u00bbhttps:\/\/leafbiodiversity.eu\/wp-content\/uploads\/2025\/02\/FR-1_ENERGIES2050_Final-conference_LEAF-presentation.pdf\u00a0\u00bb button_text=\u00a0\u00bbFR-1_ENERGIES2050_Final-conference_LEAF-presentation\u00a0\u00bb button_alignment=\u00a0\u00bbleft\u00a0\u00bb _builder_version=\u00a0\u00bb4.27.4&Prime; _module_preset=\u00a0\u00bbdefault\u00a0\u00bb global_colors_info=\u00a0\u00bb{}\u00a0\u00bb][\/et_pb_button][et_pb_button button_url=\u00a0\u00bbhttps:\/\/leafbiodiversity.eu\/wp-content\/uploads\/2025\/02\/FR-2_ENERGIES2050_Final-conference_LEAF-presentation-handbook.pdf\u00a0\u00bb button_text=\u00a0\u00bbFR-2_ENERGIES2050_Final-conference_LEAF-presentation-handbook\u00a0\u00bb button_alignment=\u00a0\u00bbleft\u00a0\u00bb _builder_version=\u00a0\u00bb4.27.4&Prime; _module_preset=\u00a0\u00bbdefault\u00a0\u00bb global_colors_info=\u00a0\u00bb{}\u00a0\u00bb][\/et_pb_button][et_pb_button button_url=\u00a0\u00bbhttps:\/\/leafbiodiversity.eu\/wp-content\/uploads\/2025\/02\/FR-3_ENERGIES2050_Final-conference_LEAF_Climate-change-and-urban-biodiversity.pdf\u00a0\u00bb button_text=\u00a0\u00bbFR-3_ENERGIES2050_Final-conference_LEAF_Climate change and urban biodiversity\u00a0\u00bb button_alignment=\u00a0\u00bbleft\u00a0\u00bb _builder_version=\u00a0\u00bb4.27.4&Prime; _module_preset=\u00a0\u00bbdefault\u00a0\u00bb global_colors_info=\u00a0\u00bb{}\u00a0\u00bb][\/et_pb_button][et_pb_button button_url=\u00a0\u00bbhttps:\/\/leafbiodiversity.eu\/wp-content\/uploads\/2025\/02\/GR-conference-presentation-English-version.pdf\u00a0\u00bb button_text=\u00a0\u00bbGR conference presentation English version\u00a0\u00bb button_alignment=\u00a0\u00bbleft\u00a0\u00bb _builder_version=\u00a0\u00bb4.27.4&Prime; _module_preset=\u00a0\u00bbdefault\u00a0\u00bb global_colors_info=\u00a0\u00bb{}\u00a0\u00bb][\/et_pb_button][et_pb_button button_url=\u00a0\u00bbhttps:\/\/leafbiodiversity.eu\/wp-content\/uploads\/2025\/02\/LEAF_final-conference_leaf-academy-presentation_ITA.pdf\u00a0\u00bb button_text=\u00a0\u00bbLEAF_final conference_leaf academy presentation_ITA\u00a0\u00bb button_alignment=\u00a0\u00bbleft\u00a0\u00bb _builder_version=\u00a0\u00bb4.27.4&Prime; _module_preset=\u00a0\u00bbdefault\u00a0\u00bb global_colors_info=\u00a0\u00bb{}\u00a0\u00bb][\/et_pb_button][et_pb_button button_url=\u00a0\u00bbhttps:\/\/leafbiodiversity.eu\/wp-content\/uploads\/2025\/02\/LEAF_final-conference_module-6_ppt_ITA.pdf\u00a0\u00bb button_text=\u00a0\u00bbLEAF_final conference_module 6_ppt_ITA\u00a0\u00bb button_alignment=\u00a0\u00bbleft\u00a0\u00bb _builder_version=\u00a0\u00bb4.27.4&Prime; _module_preset=\u00a0\u00bbdefault\u00a0\u00bb global_colors_info=\u00a0\u00bb{}\u00a0\u00bb][\/et_pb_button][et_pb_button button_url=\u00a0\u00bbhttps:\/\/leafbiodiversity.eu\/wp-content\/uploads\/2025\/02\/RO_CNME_Iurea_ppt_conference.pdf\u00a0\u00bb button_text=\u00a0\u00bbRO_CNME_Iurea_ppt_conference\u00a0\u00bb button_alignment=\u00a0\u00bbleft\u00a0\u00bb _builder_version=\u00a0\u00bb4.27.4&Prime; _module_preset=\u00a0\u00bbdefault\u00a0\u00bb global_colors_info=\u00a0\u00bb{}\u00a0\u00bb][\/et_pb_button][et_pb_button button_url=\u00a0\u00bbhttps:\/\/leafbiodiversity.eu\/wp-content\/uploads\/2025\/02\/RO_CNME_MELISCH-conference.pdf\u00a0\u00bb button_text=\u00a0\u00bbRO_CNME_MELISCH conference\u00a0\u00bb button_alignment=\u00a0\u00bbleft\u00a0\u00bb _builder_version=\u00a0\u00bb4.27.4&Prime; _module_preset=\u00a0\u00bbdefault\u00a0\u00bb global_colors_info=\u00a0\u00bb{}\u00a0\u00bb][\/et_pb_button][et_pb_button button_url=\u00a0\u00bbhttps:\/\/leafbiodiversity.eu\/wp-content\/uploads\/2025\/02\/RO_CNME_ppt_conference_Nasulea.pdf\u00a0\u00bb button_text=\u00a0\u00bbRO_CNME_ppt_conference_Nasulea\u00a0\u00bb button_alignment=\u00a0\u00bbleft\u00a0\u00bb _builder_version=\u00a0\u00bb4.27.4&Prime; _module_preset=\u00a0\u00bbdefault\u00a0\u00bb global_colors_info=\u00a0\u00bb{}\u00a0\u00bb][\/et_pb_button][et_pb_button button_url=\u00a0\u00bbhttps:\/\/leafbiodiversity.eu\/wp-content\/uploads\/2025\/02\/RO_CNME_ppt_Divisevici_conference.pdf\u00a0\u00bb button_text=\u00a0\u00bbRO_CNME_ppt_Divisevici_conference\u00a0\u00bb button_alignment=\u00a0\u00bbleft\u00a0\u00bb _builder_version=\u00a0\u00bb4.27.4&Prime; _module_preset=\u00a0\u00bbdefault\u00a0\u00bb global_colors_info=\u00a0\u00bb{}\u00a0\u00bb][\/et_pb_button][et_pb_button button_url=\u00a0\u00bbhttps:\/\/leafbiodiversity.eu\/wp-content\/uploads\/2025\/02\/RO_CNME_ppt_Macarie-conference.pdf\u00a0\u00bb button_text=\u00a0\u00bbRO_CNME_ppt_Macarie conference\u00a0\u00bb button_alignment=\u00a0\u00bbleft\u00a0\u00bb _builder_version=\u00a0\u00bb4.27.4&Prime; _module_preset=\u00a0\u00bbdefault\u00a0\u00bb global_colors_info=\u00a0\u00bb{}\u00a0\u00bb][\/et_pb_button][et_pb_button button_url=\u00a0\u00bbhttps:\/\/leafbiodiversity.eu\/wp-content\/uploads\/2025\/02\/RO_CNME_ppt_serban-conference.pdf\u00a0\u00bb button_text=\u00a0\u00bbRO_CNME_ppt_serban conference\u00a0\u00bb button_alignment=\u00a0\u00bbleft\u00a0\u00bb _builder_version=\u00a0\u00bb4.27.4&Prime; _module_preset=\u00a0\u00bbdefault\u00a0\u00bb global_colors_info=\u00a0\u00bb{}\u00a0\u00bb][\/et_pb_button][et_pb_button button_url=\u00a0\u00bbhttps:\/\/leafbiodiversity.eu\/wp-content\/uploads\/2025\/02\/SRB1-All-Activities-of-the-Erasmus-LEAF-Project.pdf\u00a0\u00bb button_text=\u00a0\u00bbSRB1 All Activities of the Erasmus LEAF Project\u00a0\u00bb button_alignment=\u00a0\u00bbleft\u00a0\u00bb _builder_version=\u00a0\u00bb4.27.4&Prime; _module_preset=\u00a0\u00bbdefault\u00a0\u00bb global_colors_info=\u00a0\u00bb{}\u00a0\u00bb][\/et_pb_button][et_pb_button button_url=\u00a0\u00bbhttps:\/\/leafbiodiversity.eu\/wp-content\/uploads\/2025\/02\/SRB2-Understanding-and-preserving-biodiversity-in-Serbia.pdf\u00a0\u00bb button_text=\u00a0\u00bbSRB2 Understanding and preserving biodiversity in Serbia\u00a0\u00bb button_alignment=\u00a0\u00bbleft\u00a0\u00bb _builder_version=\u00a0\u00bb4.27.4&Prime; _module_preset=\u00a0\u00bbdefault\u00a0\u00bb global_colors_info=\u00a0\u00bb{}\u00a0\u00bb][\/et_pb_button][et_pb_button button_url=\u00a0\u00bbhttps:\/\/leafbiodiversity.eu\/wp-content\/uploads\/2025\/02\/SRB3-LEAF-Academy-for-Learning.pdf\u00a0\u00bb button_text=\u00a0\u00bbSRB3 LEAF Academy for Learning\u00a0\u00bb button_alignment=\u00a0\u00bbleft\u00a0\u00bb _builder_version=\u00a0\u00bb4.27.4&Prime; _module_preset=\u00a0\u00bbdefault\u00a0\u00bb global_colors_info=\u00a0\u00bb{}\u00a0\u00bb][\/et_pb_button][et_pb_button button_url=\u00a0\u00bbhttps:\/\/leafbiodiversity.eu\/wp-content\/uploads\/2025\/02\/SRB4-WE-LAB.pdf\u00a0\u00bb button_text=\u00a0\u00bbSRB4 WE-LAB\u00a0\u00bb button_alignment=\u00a0\u00bbleft\u00a0\u00bb _builder_version=\u00a0\u00bb4.27.4&Prime; _module_preset=\u00a0\u00bbdefault\u00a0\u00bb global_colors_info=\u00a0\u00bb{}\u00a0\u00bb][\/et_pb_button][\/et_pb_column][\/et_pb_row][et_pb_row _builder_version=\u00a0\u00bb4.27.4&Prime; _module_preset=\u00a0\u00bbdefault\u00a0\u00bb global_colors_info=\u00a0\u00bb{}\u00a0\u00bb][et_pb_column type=\u00a0\u00bb4_4&Prime; _builder_version=\u00a0\u00bb4.27.4&Prime; _module_preset=\u00a0\u00bbdefault\u00a0\u00bb global_colors_info=\u00a0\u00bb{}\u00a0\u00bb][et_pb_text _builder_version=\u00a0\u00bb4.27.4&Prime; _module_preset=\u00a0\u00bbdefault\u00a0\u00bb global_colors_info=\u00a0\u00bb{}\u00a0\u00bb]<\/p>\n<h3>Video<\/h3>\n<p>[\/et_pb_text][et_pb_button button_url=\u00a0\u00bbhttps:\/\/www.youtube.com\/watch?v=bHXTH0Eiq_M\u00a0\u00bb url_new_window=\u00a0\u00bbon\u00a0\u00bb button_text=\u00a0\u00bbClimate change and urban biodiversity &#8211; Module 2 on the LEAF Handbook\u00a0\u00bb button_alignment=\u00a0\u00bbleft\u00a0\u00bb _builder_version=\u00a0\u00bb4.27.4&Prime; _module_preset=\u00a0\u00bbdefault\u00a0\u00bb global_colors_info=\u00a0\u00bb{}\u00a0\u00bb][\/et_pb_button][et_pb_button button_url=\u00a0\u00bbhttps:\/\/www.youtube.com\/watch?v=R0Hjm_bv7Nw\u00a0\u00bb url_new_window=\u00a0\u00bbon\u00a0\u00bb button_text=\u00a0\u00bbVideo Capsule Leaf project Module 3 Platon Schools GR\u00a0\u00bb button_alignment=\u00a0\u00bbleft\u00a0\u00bb _builder_version=\u00a0\u00bb4.27.4&Prime; _module_preset=\u00a0\u00bbdefault\u00a0\u00bb global_colors_info=\u00a0\u00bb{}\u00a0\u00bb][\/et_pb_button][et_pb_button button_url=\u00a0\u00bbhttps:\/\/www.youtube.com\/watch?v=2EtFFEU5ZJQ\u00a0\u00bb url_new_window=\u00a0\u00bbon\u00a0\u00bb button_text=\u00a0\u00bbLEAF final project Romania\u00a0\u00bb button_alignment=\u00a0\u00bbleft\u00a0\u00bb _builder_version=\u00a0\u00bb4.27.4&Prime; _module_preset=\u00a0\u00bbdefault\u00a0\u00bb global_colors_info=\u00a0\u00bb{}\u00a0\u00bb][\/et_pb_button][et_pb_button button_url=\u00a0\u00bbhttps:\/\/www.youtube.com\/watch?v=BQ1dXZ6sebo\u00a0\u00bb url_new_window=\u00a0\u00bbon\u00a0\u00bb button_text=\u00a0\u00bb06 Link Leaf Serbia\u00a0\u00bb button_alignment=\u00a0\u00bbleft\u00a0\u00bb _builder_version=\u00a0\u00bb4.27.4&Prime; _module_preset=\u00a0\u00bbdefault\u00a0\u00bb global_colors_info=\u00a0\u00bb{}\u00a0\u00bb][\/et_pb_button][et_pb_button button_url=\u00a0\u00bbhttps:\/\/www.youtube.com\/watch?v=bjkIyLL6bos\u00a0\u00bb url_new_window=\u00a0\u00bbon\u00a0\u00bb button_text=\u00a0\u00bbBoosting Digital Skills for Teachers\u00a0\u00bb button_alignment=\u00a0\u00bbleft\u00a0\u00bb _builder_version=\u00a0\u00bb4.27.4&Prime; _module_preset=\u00a0\u00bbdefault\u00a0\u00bb global_colors_info=\u00a0\u00bb{}\u00a0\u00bb][\/et_pb_button][et_pb_button button_url=\u00a0\u00bbhttps:\/\/www.youtube.com\/watch?v=1un8I_pS_W4&Prime; url_new_window=\u00a0\u00bbon\u00a0\u00bb button_text=\u00a0\u00bbLEAF Biodiversity: MODULE 7 &#8211; Cooperation with local community (Video Capsule)\u00a0\u00bb button_alignment=\u00a0\u00bbleft\u00a0\u00bb _builder_version=\u00a0\u00bb4.27.4&Prime; _module_preset=\u00a0\u00bbdefault\u00a0\u00bb global_colors_info=\u00a0\u00bb{}\u00a0\u00bb][\/et_pb_button][\/et_pb_column][\/et_pb_row][et_pb_row _builder_version=\u00a0\u00bb4.27.4&Prime; _module_preset=\u00a0\u00bbdefault\u00a0\u00bb global_colors_info=\u00a0\u00bb{}\u00a0\u00bb][et_pb_column type=\u00a0\u00bb4_4&Prime; _builder_version=\u00a0\u00bb4.27.4&Prime; _module_preset=\u00a0\u00bbdefault\u00a0\u00bb global_colors_info=\u00a0\u00bb{}\u00a0\u00bb][et_pb_text _builder_version=\u00a0\u00bb4.27.4&Prime; _module_preset=\u00a0\u00bbdefault\u00a0\u00bb global_colors_info=\u00a0\u00bb{}\u00a0\u00bb]<\/p>\n<h3>Photos<\/h3>\n<p>[\/et_pb_text][et_pb_gallery gallery_ids=\u00a0\u00bb4099,4106,4113,4120,4127,4134,4141,4148,4155,4162,4169,4176,4183,4190,4197,4204,4211,4218,4225,4411,4418,4425,4432,4439,4446,4453,4460,4467,4474&Prime; posts_number=\u00a0\u00bb40&Prime; show_title_and_caption=\u00a0\u00bboff\u00a0\u00bb _builder_version=\u00a0\u00bb4.27.4&Prime; _module_preset=\u00a0\u00bbdefault\u00a0\u00bb locked=\u00a0\u00bboff\u00a0\u00bb global_colors_info=\u00a0\u00bb{}\u00a0\u00bb][\/et_pb_gallery][\/et_pb_column][\/et_pb_row][\/et_pb_section][et_pb_section fb_built=\u00a0\u00bb1&Prime; admin_label=\u00a0\u00bbFooter\u00a0\u00bb _builder_version=\u00a0\u00bb4.20.4&Prime; _module_preset=\u00a0\u00bbdefault\u00a0\u00bb background_color=\u00a0\u00bb#E0C588&Prime; background_enable_image=\u00a0\u00bboff\u00a0\u00bb background_size=\u00a0\u00bbcontain\u00a0\u00bb background_position=\u00a0\u00bbtop_center\u00a0\u00bb custom_padding=\u00a0\u00bb||2px|||\u00a0\u00bb background_last_edited=\u00a0\u00bbon|tablet\u00a0\u00bb background_size_tablet=\u00a0\u00bbcontain\u00a0\u00bb background_position_tablet=\u00a0\u00bbtop_center\u00a0\u00bb saved_tabs=\u00a0\u00bball\u00a0\u00bb collapsed=\u00a0\u00bbon\u00a0\u00bb global_colors_info=\u00a0\u00bb{}\u00a0\u00bb][et_pb_row column_structure=\u00a0\u00bb1_3,1_3,1_3&Prime; use_custom_gutter=\u00a0\u00bbon\u00a0\u00bb gutter_width=\u00a0\u00bb2&Prime; _builder_version=\u00a0\u00bb4.20.0&Prime; _module_preset=\u00a0\u00bbdefault\u00a0\u00bb global_colors_info=\u00a0\u00bb{}\u00a0\u00bb][et_pb_column type=\u00a0\u00bb1_3&Prime; _builder_version=\u00a0\u00bb4.20.0&Prime; _module_preset=\u00a0\u00bbdefault\u00a0\u00bb custom_padding=\u00a0\u00bb30px||30px||true|false\u00a0\u00bb custom_padding_tablet=\u00a0\u00bb0px||0px||true|false\u00a0\u00bb custom_padding_phone=\u00a0\u00bb0px||0px||true|false\u00a0\u00bb custom_padding_last_edited=\u00a0\u00bbon|phone\u00a0\u00bb global_colors_info=\u00a0\u00bb{}\u00a0\u00bb][et_pb_image src=\u00a0\u00bbhttps:\/\/leafbiodiversity.eu\/wp-content\/uploads\/2024\/07\/FR_Co-fundedbytheEU_RGB_POS-300&#215;67.png\u00a0\u00bb title_text=\u00a0\u00bbFR_Co-fundedbytheEU_RGB_POS\u00a0\u00bb _builder_version=\u00a0\u00bb4.27.2&Prime; _module_preset=\u00a0\u00bbdefault\u00a0\u00bb global_colors_info=\u00a0\u00bb{}\u00a0\u00bb][\/et_pb_image][et_pb_text _builder_version=\u00a0\u00bb4.21.0&Prime; _module_preset=\u00a0\u00bbdefault\u00a0\u00bb text_font_size=\u00a0\u00bb12px\u00a0\u00bb text_line_height=\u00a0\u00bb1.5em\u00a0\u00bb global_colors_info=\u00a0\u00bb{}\u00a0\u00bb]<\/p>\n<p>&nbsp;<\/p>\n<p><span style=\"font-weight: 400;\"><span>Ce projet a \u00e9t\u00e9 cofinanc\u00e9 avec le soutien de la Commission europ\u00e9enne. Cette communication refl\u00e8te uniquement le point de vue de son auteur et la Commission ne peut \u00eatre tenue responsable de toute utilisation qui pourrait \u00eatre faite des informations qui y sont contenues.<\/span><\/span><\/p>\n<p><span style=\"font-weight: 400;\">Projet N\u00b0:2022-1-RO01-KA220-SCH-000086884<\/span><\/p>\n<p>[\/et_pb_text][\/et_pb_column][et_pb_column type=\u00a0\u00bb1_3&Prime; _builder_version=\u00a0\u00bb4.20.0&Prime; _module_preset=\u00a0\u00bbdefault\u00a0\u00bb custom_padding=\u00a0\u00bb30px||30px||true|false\u00a0\u00bb custom_padding_tablet=\u00a0\u00bb0px||0px||true|false\u00a0\u00bb custom_padding_phone=\u00a0\u00bb0px||0px||true|false\u00a0\u00bb custom_padding_last_edited=\u00a0\u00bbon|phone\u00a0\u00bb global_colors_info=\u00a0\u00bb{}\u00a0\u00bb][et_pb_text _builder_version=\u00a0\u00bb4.20.4&Prime; _module_preset=\u00a0\u00bbd66abf77-cee8-41a0-a950-711cacee6424&Prime; header_text_align_tablet=\u00a0\u00bb\u00a0\u00bb header_text_align_phone=\u00a0\u00bb\u00a0\u00bb header_text_align_last_edited=\u00a0\u00bbon|phone\u00a0\u00bb header_font_size_tablet=\u00a0\u00bb\u00a0\u00bb header_font_size_phone=\u00a0\u00bb\u00a0\u00bb header_font_size_last_edited=\u00a0\u00bbon|phone\u00a0\u00bb text_orientation_tablet=\u00a0\u00bb\u00a0\u00bb text_orientation_phone=\u00a0\u00bbcenter\u00a0\u00bb text_orientation_last_edited=\u00a0\u00bbon|phone\u00a0\u00bb locked=\u00a0\u00bboff\u00a0\u00bb global_colors_info=\u00a0\u00bb{}\u00a0\u00bb]<\/p>\n<h5>Suivez-nous<\/h5>\n<p>[\/et_pb_text][et_pb_social_media_follow icon_color=\u00a0\u00bb#95AD33&Prime; use_icon_font_size=\u00a0\u00bbon\u00a0\u00bb icon_font_size=\u00a0\u00bb14px\u00a0\u00bb _builder_version=\u00a0\u00bb4.26.1&Prime; _module_preset=\u00a0\u00bbdefault\u00a0\u00bb text_orientation=\u00a0\u00bbleft\u00a0\u00bb text_orientation_tablet=\u00a0\u00bbcenter\u00a0\u00bb text_orientation_phone=\u00a0\u00bb\u00a0\u00bb text_orientation_last_edited=\u00a0\u00bbon|phone\u00a0\u00bb border_radii=\u00a0\u00bbon|100px|100px|100px|100px\u00a0\u00bb global_colors_info=\u00a0\u00bb{}\u00a0\u00bb][et_pb_social_media_follow_network social_network=\u00a0\u00bbfacebook\u00a0\u00bb url=\u00a0\u00bbhttps:\/\/www.facebook.com\/leafbiodiversity\u00a0\u00bb _builder_version=\u00a0\u00bb4.26.1&Prime; _module_preset=\u00a0\u00bbdefault\u00a0\u00bb background_color=\u00a0\u00bb#EFE8D7&Prime; background_enable_color=\u00a0\u00bbon\u00a0\u00bb custom_padding=\u00a0\u00bb4px|4px|4px|4px|true|true\u00a0\u00bb global_colors_info=\u00a0\u00bb{}\u00a0\u00bb follow_button=\u00a0\u00bboff\u00a0\u00bb url_new_window=\u00a0\u00bbon\u00a0\u00bb]facebook[\/et_pb_social_media_follow_network][et_pb_social_media_follow_network social_network=\u00a0\u00bbinstagram\u00a0\u00bb url=\u00a0\u00bbhttps:\/\/www.instagram.com\/leafbiodiversity\u00a0\u00bb _builder_version=\u00a0\u00bb4.26.1&Prime; _module_preset=\u00a0\u00bbdefault\u00a0\u00bb background_color=\u00a0\u00bb#EFE8D7&Prime; background_enable_color=\u00a0\u00bbon\u00a0\u00bb custom_padding=\u00a0\u00bb4px|4px|4px|4px|true|true\u00a0\u00bb global_colors_info=\u00a0\u00bb{%22gcid-cc1e7daa-e7a2-44d1-a6d4-86221a549f5c%22:%91%22background_color%22,%22background_color%22%93}\u00a0\u00bb follow_button=\u00a0\u00bboff\u00a0\u00bb url_new_window=\u00a0\u00bbon\u00a0\u00bb]instagram[\/et_pb_social_media_follow_network][\/et_pb_social_media_follow][\/et_pb_column][et_pb_column type=\u00a0\u00bb1_3&Prime; _builder_version=\u00a0\u00bb4.20.0&Prime; _module_preset=\u00a0\u00bbdefault\u00a0\u00bb custom_padding=\u00a0\u00bb30px||30px||true|false\u00a0\u00bb custom_padding_tablet=\u00a0\u00bb\u00a0\u00bb custom_padding_phone=\u00a0\u00bb0px||0px||true|false\u00a0\u00bb custom_padding_last_edited=\u00a0\u00bbon|phone\u00a0\u00bb global_colors_info=\u00a0\u00bb{}\u00a0\u00bb][et_pb_text _builder_version=\u00a0\u00bb4.20.4&Prime; _module_preset=\u00a0\u00bbd66abf77-cee8-41a0-a950-711cacee6424&Prime; header_5_font_size_tablet=\u00a0\u00bb\u00a0\u00bb header_5_font_size_phone=\u00a0\u00bb\u00a0\u00bb header_5_font_size_last_edited=\u00a0\u00bbon|phone\u00a0\u00bb locked=\u00a0\u00bboff\u00a0\u00bb global_colors_info=\u00a0\u00bb{}\u00a0\u00bb]<\/p>\n<h5>Contact<\/h5>\n<p>[\/et_pb_text][et_pb_blurb title=\u00a0\u00bbdaniela.melisch@cneminescu.ro\u00a0\u00bb url=\u00a0\u00bbmailto:daniela.melisch@cneminescu.ro\u00a0\u00bb use_icon=\u00a0\u00bbon\u00a0\u00bb font_icon=\u00a0\u00bb&#xe010;||divi||400&Prime; icon_color=\u00a0\u00bb#95AD33&Prime; image_icon_background_color=\u00a0\u00bb#EFE8D7&Prime; icon_placement=\u00a0\u00bbleft\u00a0\u00bb image_icon_width=\u00a0\u00bb20px\u00a0\u00bb _builder_version=\u00a0\u00bb4.26.1&Prime; _module_preset=\u00a0\u00bbdefault\u00a0\u00bb header_line_height=\u00a0\u00bb2em\u00a0\u00bb image_icon_custom_padding=\u00a0\u00bb8px|8px|8px|8px|true|true\u00a0\u00bb link_option_url=\u00a0\u00bbmailto:daniela.melisch@cneminescu.ro\u00a0\u00bb border_radii_image=\u00a0\u00bbon|33px|33px|33px|33px\u00a0\u00bb global_colors_info=\u00a0\u00bb{}\u00a0\u00bb][\/et_pb_blurb][\/et_pb_column][\/et_pb_row][et_pb_row column_structure=\u00a0\u00bb1_5,3_5,1_5&Prime; _builder_version=\u00a0\u00bb4.20.0&Prime; _module_preset=\u00a0\u00bbdefault\u00a0\u00bb border_color_all=\u00a0\u00bbrgba(94,94,78,0.2)\u00a0\u00bb border_width_top=\u00a0\u00bb1px\u00a0\u00bb global_colors_info=\u00a0\u00bb{}\u00a0\u00bb][et_pb_column type=\u00a0\u00bb1_5&Prime; _builder_version=\u00a0\u00bb4.20.0&Prime; _module_preset=\u00a0\u00bbdefault\u00a0\u00bb global_colors_info=\u00a0\u00bb{}\u00a0\u00bb][\/et_pb_column][et_pb_column type=\u00a0\u00bb3_5&Prime; _builder_version=\u00a0\u00bb4.20.0&Prime; _module_preset=\u00a0\u00bbdefault\u00a0\u00bb custom_padding=\u00a0\u00bb16px||||false|false\u00a0\u00bb custom_padding_tablet=\u00a0\u00bb0px||||false|false\u00a0\u00bb custom_padding_phone=\u00a0\u00bb\u00a0\u00bb custom_padding_last_edited=\u00a0\u00bbon|tablet\u00a0\u00bb global_colors_info=\u00a0\u00bb{}\u00a0\u00bb][et_pb_text _builder_version=\u00a0\u00bb4.20.4&Prime; _module_preset=\u00a0\u00bbdefault\u00a0\u00bb text_font=\u00a0\u00bb|700|||||||\u00a0\u00bb text_font_size=\u00a0\u00bb13px\u00a0\u00bb link_text_color=\u00a0\u00bb#95AD33&Prime; text_orientation=\u00a0\u00bbcenter\u00a0\u00bb global_colors_info=\u00a0\u00bb{}\u00a0\u00bb]<\/p>\n<p>Developed by <a href=\"https:\/\/ignis.hr\" target=\"_blank\" rel=\"noopener\">IGNIS<\/a><\/p>\n<p>[\/et_pb_text][\/et_pb_column][et_pb_column type=\u00a0\u00bb1_5&Prime; _builder_version=\u00a0\u00bb4.20.0&Prime; _module_preset=\u00a0\u00bbdefault\u00a0\u00bb custom_padding=\u00a0\u00bb6px||||false|false\u00a0\u00bb custom_padding_tablet=\u00a0\u00bb0px||||false|false\u00a0\u00bb custom_padding_phone=\u00a0\u00bb\u00a0\u00bb custom_padding_last_edited=\u00a0\u00bbon|tablet\u00a0\u00bb global_colors_info=\u00a0\u00bb{}\u00a0\u00bb][\/et_pb_column][\/et_pb_row][\/et_pb_section]<\/p>\n","protected":false},"excerpt":{"rendered":"<p>CONF\u00c9RENCE FINALELes partenaires ont tenu avec succ\u00e8s leurs conf\u00e9rences finales dans leurs pays respectifs, o\u00f9 ils ont pr\u00e9sent\u00e9 le projet LEAF, partag\u00e9les r\u00e9alisations \u00e0 ce jour et pr\u00e9sent\u00e9 les documents d\u00e9velopp\u00e9s tout au long du projet.Ces conf\u00e9rences finales, organis\u00e9es par chaque partenaire, ont \u00e9t\u00e9 des \u00e9v\u00e9nements cl\u00e9s pour r\u00e9sumer les progr\u00e8s du projet, mettre en [&hellip;]<\/p>\n","protected":false},"author":1,"featured_media":0,"parent":1645,"menu_order":0,"comment_status":"closed","ping_status":"closed","template":"","meta":{"_et_pb_use_builder":"on","_et_pb_old_content":"","_et_gb_content_width":"","footnotes":""},"class_list":["post-3211","page","type-page","status-publish","hentry"],"_links":{"self":[{"href":"https:\/\/leafbiodiversity.eu\/fr\/wp-json\/wp\/v2\/pages\/3211","targetHints":{"allow":["GET"]}}],"collection":[{"href":"https:\/\/leafbiodiversity.eu\/fr\/wp-json\/wp\/v2\/pages"}],"about":[{"href":"https:\/\/leafbiodiversity.eu\/fr\/wp-json\/wp\/v2\/types\/page"}],"author":[{"embeddable":true,"href":"https:\/\/leafbiodiversity.eu\/fr\/wp-json\/wp\/v2\/users\/1"}],"replies":[{"embeddable":true,"href":"https:\/\/leafbiodiversity.eu\/fr\/wp-json\/wp\/v2\/comments?post=3211"}],"version-history":[{"count":15,"href":"https:\/\/leafbiodiversity.eu\/fr\/wp-json\/wp\/v2\/pages\/3211\/revisions"}],"predecessor-version":[{"id":5005,"href":"https:\/\/leafbiodiversity.eu\/fr\/wp-json\/wp\/v2\/pages\/3211\/revisions\/5005"}],"up":[{"embeddable":true,"href":"https:\/\/leafbiodiversity.eu\/fr\/wp-json\/wp\/v2\/pages\/1645"}],"wp:attachment":[{"href":"https:\/\/leafbiodiversity.eu\/fr\/wp-json\/wp\/v2\/media?parent=3211"}],"curies":[{"name":"wp","href":"https:\/\/api.w.org\/{rel}","templated":true}]}}